{"id":41,"date":"2025-11-05T13:57:25","date_gmt":"2025-11-05T13:57:25","guid":{"rendered":"http:\/\/tazacorte.es\/web\/?page_id=41"},"modified":"2025-11-06T17:34:43","modified_gmt":"2025-11-06T17:34:43","slug":"calendario-de-tributos","status":"publish","type":"page","link":"https:\/\/tazacorte.es\/web\/calendario-de-tributos","title":{"rendered":"Calendario de tributos"},"content":{"rendered":"<p>[et_pb_section fb_built=&#8221;1&#8243; _builder_version=&#8221;4.27.4&#8243; _module_preset=&#8221;default&#8221; custom_margin=&#8221;8%||||false|false&#8221; custom_margin_tablet=&#8221;24%||||false|false&#8221; custom_margin_phone=&#8221;40%||||false|false&#8221; custom_margin_last_edited=&#8221;on|tablet&#8221; global_colors_info=&#8221;{}&#8221;][et_pb_row _builder_version=&#8221;4.27.4&#8243; _module_preset=&#8221;default&#8221; custom_margin=&#8221;0%||||false|false&#8221; global_colors_info=&#8221;{}&#8221;][et_pb_column type=&#8221;4_4&#8243; _builder_version=&#8221;4.27.4&#8243; _module_preset=&#8221;default&#8221; global_colors_info=&#8221;{}&#8221;][et_pb_heading title=&#8221;Calendario de tributos&#8221; _builder_version=&#8221;4.27.4&#8243; _module_preset=&#8221;default&#8221; title_font=&#8221;Garet Heavy||||||||&#8221; title_text_align=&#8221;left&#8221; title_text_color=&#8221;#1f1914&#8243; title_font_size=&#8221;40px&#8221; hover_enabled=&#8221;0&#8243; global_colors_info=&#8221;{}&#8221; title_font_size_last_edited=&#8221;on|phone&#8221; title_font_size_phone=&#8221;25px&#8221; sticky_enabled=&#8221;0&#8243; title_font_size_tablet=&#8221;40px&#8221;][\/et_pb_heading][et_pb_divider color=&#8221;#293417&#8243; divider_weight=&#8221;3px&#8221; _builder_version=&#8221;4.27.4&#8243; _module_preset=&#8221;default&#8221; custom_margin=&#8221;-2%||||false|false&#8221; global_colors_info=&#8221;{}&#8221;][\/et_pb_divider][tfdt_module module_class=&#8221;mi-tabla-personalizada&#8221; _builder_version=&#8221;4.27.4&#8243; _module_preset=&#8221;default&#8221; global_colors_info=&#8221;{}&#8221;][tfdt_module_row text1=&#8221; &#8221; text2=&#8221;Inicio&#8221; _builder_version=&#8221;4.27.4&#8243; _module_preset=&#8221;default&#8221; global_colors_info=&#8221;{}&#8221;][\/tfdt_module_row][tfdt_module_row text1=&#8221;IVTM (Impuesto sobre veh\u00edculos de tracci\u00f3n mec\u00e1nica)&#8221; text2=&#8221;19\/03\/2025&#8243; text3=&#8221;30\/07\/2025&#8243; _builder_version=&#8221;4.27.4&#8243; _module_preset=&#8221;default&#8221; global_colors_info=&#8221;{}&#8221;][\/tfdt_module_row][tfdt_module_row text1=&#8221;IBI (Impuesto sobre bienes inmuebles)&#8221; text2=&#8221;06\/05\/2025&#8243; text3=&#8221;29\/10\/2025&#8243; _builder_version=&#8221;4.27.4&#8243; _module_preset=&#8221;default&#8221; global_colors_info=&#8221;{}&#8221;][\/tfdt_module_row][tfdt_module_row text1=&#8221;Cementerios Municipales&#8221; text2=&#8221;06\/05\/2025&#8243; text3=&#8221;19\/11\/2025&#8243; _builder_version=&#8221;4.27.4&#8243; _module_preset=&#8221;default&#8221; global_colors_info=&#8221;{}&#8221;][\/tfdt_module_row][tfdt_module_row text1=&#8221;Concesiones Administrativas&#8221; text2=&#8221;06\/05\/2025&#8243; text3=&#8221;19\/11\/2025&#8243; _builder_version=&#8221;4.27.4&#8243; _module_preset=&#8221;default&#8221; global_colors_info=&#8221;{}&#8221;][\/tfdt_module_row][tfdt_module_row text1=&#8221;Tasa ocupaci\u00f3n v\u00eda p\u00fablica (MESAS Y SILLAS)&#8221; text2=&#8221;06\/05\/2025&#8243; text3=&#8221;19\/11\/2025&#8243; _builder_version=&#8221;4.27.4&#8243; _module_preset=&#8221;default&#8221; global_colors_info=&#8221;{}&#8221;][\/tfdt_module_row][tfdt_module_row text1=&#8221;VADOS (Entrada de Veh\u00edculos y res. aparcamiento)&#8221; text2=&#8221;06\/05\/2025&#8243; text3=&#8221;19\/11\/2025&#8243; _builder_version=&#8221;4.27.4&#8243; _module_preset=&#8221;default&#8221; global_colors_info=&#8221;{}&#8221;][\/tfdt_module_row][tfdt_module_row text1=&#8221;IAE (Impuesto sobre actividades econ\u00f3micas)&#8221; text2=&#8221;17\/09\/2025&#8243; text3=&#8221;19\/11\/2025&#8243; _builder_version=&#8221;4.27.4&#8243; _module_preset=&#8221;default&#8221; global_colors_info=&#8221;{}&#8221;][\/tfdt_module_row][tfdt_module_row text1=&#8221;Puesto sobre el incremento de valor de los Terrenos de naturaleza urbana (PLUSVAL\u00cdAS)&#8221; text2=&#8221;Plazo de presentaci\u00f3n:&#8221; text3=&#8221;Inter vivos: 1 mes.<br \/>\nMortis causa: 6 meses&#8221; _builder_version=&#8221;4.27.4&#8243; _module_preset=&#8221;default&#8221; global_colors_info=&#8221;{}&#8221;][\/tfdt_module_row][tfdt_module_row text1=&#8221;Tasa por recogida domiciliaria de BASURAS&#8221; text2=&#8221;Periodo ejecutivo&#8221; _builder_version=&#8221;4.27.4&#8243; _module_preset=&#8221;default&#8221; global_colors_info=&#8221;{}&#8221;][\/tfdt_module_row][\/tfdt_module][\/et_pb_column][\/et_pb_row][\/et_pb_section]<\/p>\n","protected":false},"excerpt":{"rendered":"<p><div class=\"et_pb_module tfdt_module tfdt_module_0 mi-tabla-personalizada\">\n\t\t\t\t\n\t\t\t\t\n\t\t\t\t\n\t\t\t\t\n\t\t\t\t\n\t\t\t\t\n\t\t\t\t<div class=\"et_pb_module_inner\">\n\t\t\t\t\t<div class=\"table-for-divi\">\n\n\t\t\t\t<table>\n\n\t\t\t\t\t<tbody><\/tbody>\n\n\t\t\t\t<\/table>\n\n\t\t\t<\/div>\n\t\t\t\t<\/div>\n\t\t\t<\/div><tr ><td     >\r\n\r\n\t\t\t\t\t\t\t \r\n\r\n\t\t\t\t\t\t<\/td><td     >\r\n\r\n\t\t\t\t\t\t\tInicio\r\n\r\n\t\t\t\t\t\t<\/td><\/tr><tr ><td     >\r\n\r\n\t\t\t\t\t\t\tIVTM (Impuesto sobre veh\u00edculos de tracci\u00f3n mec\u00e1nica)\r\n\r\n\t\t\t\t\t\t<\/td><td     >\r\n\r\n\t\t\t\t\t\t\t19\/03\/2025\r\n\r\n\t\t\t\t\t\t<\/td><td     >\r\n\r\n\t\t\t\t\t\t\t30\/07\/2025\r\n\r\n\t\t\t\t\t\t<\/td><\/tr><tr ><td     >\r\n\r\n\t\t\t\t\t\t\tIBI (Impuesto sobre bienes inmuebles)\r\n\r\n\t\t\t\t\t\t<\/td><td     >\r\n\r\n\t\t\t\t\t\t\t06\/05\/2025\r\n\r\n\t\t\t\t\t\t<\/td><td     >\r\n\r\n\t\t\t\t\t\t\t29\/10\/2025\r\n\r\n\t\t\t\t\t\t<\/td><\/tr><tr ><td     >\r\n\r\n\t\t\t\t\t\t\tCementerios Municipales\r\n\r\n\t\t\t\t\t\t<\/td><td     >\r\n\r\n\t\t\t\t\t\t\t06\/05\/2025\r\n\r\n\t\t\t\t\t\t<\/td><td     >\r\n\r\n\t\t\t\t\t\t\t19\/11\/2025\r\n\r\n\t\t\t\t\t\t<\/td><\/tr><tr ><td     >\r\n\r\n\t\t\t\t\t\t\tConcesiones Administrativas\r\n\r\n\t\t\t\t\t\t<\/td><td     >\r\n\r\n\t\t\t\t\t\t\t06\/05\/2025\r\n\r\n\t\t\t\t\t\t<\/td><td     >\r\n\r\n\t\t\t\t\t\t\t19\/11\/2025\r\n\r\n\t\t\t\t\t\t<\/td><\/tr><tr ><td     >\r\n\r\n\t\t\t\t\t\t\t&#8221;Tasa\r\n\r\n\t\t\t\t\t\t<\/td><td     >\r\n\r\n\t\t\t\t\t\t\t&#8221;06\/05\/2025&#8243;\r\n\r\n\t\t\t\t\t\t<\/td><\/tr><\/p>\n","protected":false},"author":1,"featured_media":0,"parent":0,"menu_order":0,"comment_status":"closed","ping_status":"closed","template":"","meta":{"_et_pb_use_builder":"on","_et_pb_old_content":"","_et_gb_content_width":"","footnotes":""},"class_list":["post-41","page","type-page","status-publish","hentry"],"yoast_head":"<!-- This site is optimized with the Yoast SEO plugin v27.1.1 - https:\/\/yoast.com\/product\/yoast-seo-wordpress\/ -->\n<title>Calendario de tributos - AYUNTAMIENTO DE TAZACORTE<\/title>\n<meta name=\"robots\" content=\"index, follow, max-snippet:-1, max-image-preview:large, max-video-preview:-1\" \/>\n<link rel=\"canonical\" href=\"https:\/\/tazacorte.es\/web\/calendario-de-tributos\" \/>\n<meta property=\"og:locale\" content=\"es_ES\" \/>\n<meta property=\"og:type\" content=\"article\" \/>\n<meta property=\"og:title\" content=\"Calendario de tributos - AYUNTAMIENTO DE TAZACORTE\" \/>\n<meta property=\"og:url\" content=\"https:\/\/tazacorte.es\/web\/calendario-de-tributos\" \/>\n<meta property=\"og:site_name\" content=\"AYUNTAMIENTO DE TAZACORTE\" \/>\n<meta property=\"article:modified_time\" content=\"2025-11-06T17:34:43+00:00\" \/>\n<meta name=\"twitter:card\" content=\"summary_large_image\" \/>\n<meta name=\"twitter:description\" content=\"[tfdt_module module_class=&quot;mi-tabla-personalizada&quot; _builder_version=&quot;4.27.4&quot; _module_preset=&quot;default&quot; global_colors_info=&quot;{}&quot;][tfdt_module_row text1=&quot; &quot; text2=&quot;Inicio&quot; _builder_version=&quot;4.27.4&quot; _module_preset=&quot;default&quot; global_colors_info=&quot;{}&quot;][\/tfdt_module_row][tfdt_module_row text1=&quot;IVTM (Impuesto sobre veh\u00edculos de tracci\u00f3n mec\u00e1nica)&quot; text2=&quot;19\/03\/2025&quot; text3=&quot;30\/07\/2025&quot; _builder_version=&quot;4.27.4&quot; _module_preset=&quot;default&quot; global_colors_info=&quot;{}&quot;][\/tfdt_module_row][tfdt_module_row text1=&quot;IBI (Impuesto sobre bienes inmuebles)&quot; text2=&quot;06\/05\/2025&quot; text3=&quot;29\/10\/2025&quot; _builder_version=&quot;4.27.4&quot; _module_preset=&quot;default&quot; global_colors_info=&quot;{}&quot;][\/tfdt_module_row][tfdt_module_row text1=&quot;Cementerios Municipales&quot; text2=&quot;06\/05\/2025&quot; text3=&quot;19\/11\/2025&quot; _builder_version=&quot;4.27.4&quot; _module_preset=&quot;default&quot; global_colors_info=&quot;{}&quot;][\/tfdt_module_row][tfdt_module_row text1=&quot;Concesiones Administrativas&quot; text2=&quot;06\/05\/2025&quot; text3=&quot;19\/11\/2025&quot; _builder_version=&quot;4.27.4&quot; _module_preset=&quot;default&quot; global_colors_info=&quot;{}&quot;][\/tfdt_module_row][tfdt_module_row text1=&quot;Tasa ocupaci\u00f3n v\u00eda p\u00fablica (MESAS Y SILLAS)&quot; text2=&quot;06\/05\/2025&quot; [&hellip;]\" \/>\n<meta name=\"twitter:label1\" content=\"Est. reading time\" \/>\n\t<meta name=\"twitter:data1\" content=\"2 minutos\" \/>\n<script type=\"application\/ld+json\" class=\"yoast-schema-graph\">{\"@context\":\"https:\/\/schema.org\",\"@graph\":[{\"@type\":\"WebPage\",\"@id\":\"https:\/\/tazacorte.es\/web\/calendario-de-tributos\",\"url\":\"https:\/\/tazacorte.es\/web\/calendario-de-tributos\",\"name\":\"Calendario de tributos - AYUNTAMIENTO DE TAZACORTE\",\"isPartOf\":{\"@id\":\"https:\/\/tazacorte.es\/web\/#website\"},\"datePublished\":\"2025-11-05T13:57:25+00:00\",\"dateModified\":\"2025-11-06T17:34:43+00:00\",\"breadcrumb\":{\"@id\":\"https:\/\/tazacorte.es\/web\/calendario-de-tributos#breadcrumb\"},\"inLanguage\":\"es\",\"potentialAction\":[{\"@type\":\"ReadAction\",\"target\":[\"https:\/\/tazacorte.es\/web\/calendario-de-tributos\"]}]},{\"@type\":\"BreadcrumbList\",\"@id\":\"https:\/\/tazacorte.es\/web\/calendario-de-tributos#breadcrumb\",\"itemListElement\":[{\"@type\":\"ListItem\",\"position\":1,\"name\":\"Home\",\"item\":\"https:\/\/tazacorte.es\/web\/\"},{\"@type\":\"ListItem\",\"position\":2,\"name\":\"Calendario de tributos\"}]},{\"@type\":\"WebSite\",\"@id\":\"https:\/\/tazacorte.es\/web\/#website\",\"url\":\"https:\/\/tazacorte.es\/web\/\",\"name\":\"AYUNTAMIENTO DE TAZACORTE\",\"description\":\"\",\"potentialAction\":[{\"@type\":\"SearchAction\",\"target\":{\"@type\":\"EntryPoint\",\"urlTemplate\":\"https:\/\/tazacorte.es\/web\/?s={search_term_string}\"},\"query-input\":{\"@type\":\"PropertyValueSpecification\",\"valueRequired\":true,\"valueName\":\"search_term_string\"}}],\"inLanguage\":\"es\"}]}<\/script>\n<!-- \/ Yoast SEO plugin. -->","yoast_head_json":{"title":"Calendario de tributos - AYUNTAMIENTO DE TAZACORTE","robots":{"index":"index","follow":"follow","max-snippet":"max-snippet:-1","max-image-preview":"max-image-preview:large","max-video-preview":"max-video-preview:-1"},"canonical":"https:\/\/tazacorte.es\/web\/calendario-de-tributos","og_locale":"es_ES","og_type":"article","og_title":"Calendario de tributos - AYUNTAMIENTO DE TAZACORTE","og_url":"https:\/\/tazacorte.es\/web\/calendario-de-tributos","og_site_name":"AYUNTAMIENTO DE TAZACORTE","article_modified_time":"2025-11-06T17:34:43+00:00","twitter_card":"summary_large_image","twitter_description":"[tfdt_module module_class=\"mi-tabla-personalizada\" _builder_version=\"4.27.4\" _module_preset=\"default\" global_colors_info=\"{}\"][tfdt_module_row text1=\" \" text2=\"Inicio\" _builder_version=\"4.27.4\" _module_preset=\"default\" global_colors_info=\"{}\"][\/tfdt_module_row][tfdt_module_row text1=\"IVTM (Impuesto sobre veh\u00edculos de tracci\u00f3n mec\u00e1nica)\" text2=\"19\/03\/2025\" text3=\"30\/07\/2025\" _builder_version=\"4.27.4\" _module_preset=\"default\" global_colors_info=\"{}\"][\/tfdt_module_row][tfdt_module_row text1=\"IBI (Impuesto sobre bienes inmuebles)\" text2=\"06\/05\/2025\" text3=\"29\/10\/2025\" _builder_version=\"4.27.4\" _module_preset=\"default\" global_colors_info=\"{}\"][\/tfdt_module_row][tfdt_module_row text1=\"Cementerios Municipales\" text2=\"06\/05\/2025\" text3=\"19\/11\/2025\" _builder_version=\"4.27.4\" _module_preset=\"default\" global_colors_info=\"{}\"][\/tfdt_module_row][tfdt_module_row text1=\"Concesiones Administrativas\" text2=\"06\/05\/2025\" text3=\"19\/11\/2025\" _builder_version=\"4.27.4\" _module_preset=\"default\" global_colors_info=\"{}\"][\/tfdt_module_row][tfdt_module_row text1=\"Tasa ocupaci\u00f3n v\u00eda p\u00fablica (MESAS Y SILLAS)\" text2=\"06\/05\/2025\" [&hellip;]","twitter_misc":{"Est. reading time":"2 minutos"},"schema":{"@context":"https:\/\/schema.org","@graph":[{"@type":"WebPage","@id":"https:\/\/tazacorte.es\/web\/calendario-de-tributos","url":"https:\/\/tazacorte.es\/web\/calendario-de-tributos","name":"Calendario de tributos - AYUNTAMIENTO DE TAZACORTE","isPartOf":{"@id":"https:\/\/tazacorte.es\/web\/#website"},"datePublished":"2025-11-05T13:57:25+00:00","dateModified":"2025-11-06T17:34:43+00:00","breadcrumb":{"@id":"https:\/\/tazacorte.es\/web\/calendario-de-tributos#breadcrumb"},"inLanguage":"es","potentialAction":[{"@type":"ReadAction","target":["https:\/\/tazacorte.es\/web\/calendario-de-tributos"]}]},{"@type":"BreadcrumbList","@id":"https:\/\/tazacorte.es\/web\/calendario-de-tributos#breadcrumb","itemListElement":[{"@type":"ListItem","position":1,"name":"Home","item":"https:\/\/tazacorte.es\/web\/"},{"@type":"ListItem","position":2,"name":"Calendario de tributos"}]},{"@type":"WebSite","@id":"https:\/\/tazacorte.es\/web\/#website","url":"https:\/\/tazacorte.es\/web\/","name":"AYUNTAMIENTO DE TAZACORTE","description":"","potentialAction":[{"@type":"SearchAction","target":{"@type":"EntryPoint","urlTemplate":"https:\/\/tazacorte.es\/web\/?s={search_term_string}"},"query-input":{"@type":"PropertyValueSpecification","valueRequired":true,"valueName":"search_term_string"}}],"inLanguage":"es"}]}},"_links":{"self":[{"href":"https:\/\/tazacorte.es\/web\/wp-json\/wp\/v2\/pages\/41","targetHints":{"allow":["GET"]}}],"collection":[{"href":"https:\/\/tazacorte.es\/web\/wp-json\/wp\/v2\/pages"}],"about":[{"href":"https:\/\/tazacorte.es\/web\/wp-json\/wp\/v2\/types\/page"}],"author":[{"embeddable":true,"href":"https:\/\/tazacorte.es\/web\/wp-json\/wp\/v2\/users\/1"}],"replies":[{"embeddable":true,"href":"https:\/\/tazacorte.es\/web\/wp-json\/wp\/v2\/comments?post=41"}],"version-history":[{"count":8,"href":"https:\/\/tazacorte.es\/web\/wp-json\/wp\/v2\/pages\/41\/revisions"}],"predecessor-version":[{"id":293,"href":"https:\/\/tazacorte.es\/web\/wp-json\/wp\/v2\/pages\/41\/revisions\/293"}],"wp:attachment":[{"href":"https:\/\/tazacorte.es\/web\/wp-json\/wp\/v2\/media?parent=41"}],"curies":[{"name":"wp","href":"https:\/\/api.w.org\/{rel}","templated":true}]}}