{"id":48,"date":"2025-11-05T14:01:26","date_gmt":"2025-11-05T14:01:26","guid":{"rendered":"http:\/\/tazacorte.es\/web\/?page_id=48"},"modified":"2026-02-20T14:25:11","modified_gmt":"2026-02-20T14:25:11","slug":"cultura-y-educacion","status":"publish","type":"page","link":"https:\/\/tazacorte.es\/web\/cultura-y-educacion","title":{"rendered":"Cultura y educaci\u00f3n"},"content":{"rendered":"<p>[et_pb_section fb_built=&#8221;1&#8243; _builder_version=&#8221;4.27.4&#8243; _module_preset=&#8221;default&#8221; positioning=&#8221;fixed&#8221; position_origin_f=&#8221;top_center&#8221; height_tablet=&#8221;134px&#8221; height_phone=&#8221;63px&#8221; height_last_edited=&#8221;on|phone&#8221; custom_padding=&#8221;1px||0px|||&#8221; global_colors_info=&#8221;{}&#8221;][et_pb_row column_structure=&#8221;1_3,1_3,1_3&#8243; _builder_version=&#8221;4.27.4&#8243; _module_preset=&#8221;default&#8221; background_color=&#8221;#ea6118&#8243; width=&#8221;100%&#8221; max_width=&#8221;100%&#8221; height_tablet=&#8221;64px&#8221; height_phone=&#8221;58px&#8221; height_last_edited=&#8221;on|phone&#8221; custom_margin=&#8221;-3px|auto||auto|false|false&#8221; custom_padding=&#8221;||14px|||&#8221; global_colors_info=&#8221;{}&#8221;][et_pb_column type=&#8221;1_3&#8243; _builder_version=&#8221;4.27.4&#8243; _module_preset=&#8221;default&#8221; global_colors_info=&#8221;{}&#8221;][et_pb_text _builder_version=&#8221;4.27.4&#8243; _module_preset=&#8221;default&#8221; text_font=&#8221;Garet||||||||&#8221; text_text_color=&#8221;#FFFFFF&#8221; text_font_size=&#8221;16px&#8221; custom_margin=&#8221;-12px|||4%|false|false&#8221; global_colors_info=&#8221;{}&#8221;]<\/p>\n<p>Tazacorte, mayo 2, 2026 13:18<\/p>\n<p>[\/et_pb_text][\/et_pb_column][et_pb_column type=&#8221;1_3&#8243; _builder_version=&#8221;4.27.4&#8243; _module_preset=&#8221;default&#8221; global_colors_info=&#8221;{}&#8221;][\/et_pb_column][et_pb_column type=&#8221;1_3&#8243; _builder_version=&#8221;4.27.4&#8243; _module_preset=&#8221;default&#8221; global_colors_info=&#8221;{}&#8221;][\/et_pb_column][\/et_pb_row][et_pb_row column_structure=&#8221;1_5,3_5,1_5&#8243; _builder_version=&#8221;4.27.4&#8243; _module_preset=&#8221;default&#8221; background_enable_color=&#8221;off&#8221; width=&#8221;100%&#8221; width_tablet=&#8221;100%&#8221; width_phone=&#8221;100%&#8221; width_last_edited=&#8221;on|phone&#8221; max_width=&#8221;100%&#8221; height_tablet=&#8221;109px&#8221; height_phone=&#8221;96px&#8221; height_last_edited=&#8221;on|phone&#8221; custom_margin=&#8221;-6px|auto||auto||&#8221; custom_padding=&#8221;16px||10px|||&#8221; border_width_bottom=&#8221;1px&#8221; border_color_bottom=&#8221;#ea6118&#8243; box_shadow_style=&#8221;preset3&#8243; box_shadow_vertical=&#8221;5px&#8221; box_shadow_blur=&#8221;15px&#8221; global_colors_info=&#8221;{}&#8221;][et_pb_column type=&#8221;1_5&#8243; _builder_version=&#8221;4.27.4&#8243; _module_preset=&#8221;default&#8221; global_colors_info=&#8221;{}&#8221;][et_pb_image src=&#8221;https:\/\/tazacorte.es\/web\/wp-content\/uploads\/2025\/11\/Logotipo.png&#8221; url=&#8221;@ET-DC@eyJkeW5hbWljIjp0cnVlLCJjb250ZW50IjoiaG9tZV91cmwiLCJzZXR0aW5ncyI6e319@&#8221; _builder_version=&#8221;4.27.4&#8243; _dynamic_attributes=&#8221;url&#8221; _module_preset=&#8221;default&#8221; width=&#8221;32%&#8221; width_tablet=&#8221;19%&#8221; width_phone=&#8221;34%&#8221; width_last_edited=&#8221;on|phone&#8221; custom_margin=&#8221;|||5%|false|false&#8221; custom_margin_tablet=&#8221;-12%|||2%|false|false&#8221; custom_margin_phone=&#8221;-25%|||3%|false|false&#8221; custom_margin_last_edited=&#8221;on|phone&#8221; global_colors_info=&#8221;{}&#8221;][\/et_pb_image][\/et_pb_column][et_pb_column type=&#8221;3_5&#8243; _builder_version=&#8221;4.27.4&#8243; _module_preset=&#8221;default&#8221; global_colors_info=&#8221;{}&#8221;][et_pb_menu menu_id=&#8221;none&#8221; menu_style=&#8221;centered&#8221; dropdown_menu_bg_color=&#8221;#FFFFFF&#8221; dropdown_menu_line_color=&#8221;#ea6118&#8243; dropdown_menu_text_color=&#8221;#1f1914&#8243; mobile_menu_bg_color=&#8221;#FFFFFF&#8221; mobile_menu_text_color=&#8221;#1f1914&#8243; menu_icon_color=&#8221;#ea6118&#8243; _builder_version=&#8221;4.27.4&#8243; _module_preset=&#8221;default&#8221; menu_font=&#8221;Arial||||||||&#8221; menu_text_color=&#8221;#1f1914&#8243; menu_font_size=&#8221;18px&#8221; background_enable_color=&#8221;off&#8221; custom_margin=&#8221;8px|0px|3px||false|false&#8221; custom_margin_tablet=&#8221;-10%|||0%|false|false&#8221; custom_margin_phone=&#8221;-24%|||0%|false|false&#8221; custom_margin_last_edited=&#8221;on|phone&#8221; global_colors_info=&#8221;{}&#8221;][\/et_pb_menu][\/et_pb_column][et_pb_column type=&#8221;1_5&#8243; _builder_version=&#8221;4.27.4&#8243; _module_preset=&#8221;default&#8221; global_colors_info=&#8221;{}&#8221;][\/et_pb_column][\/et_pb_row][\/et_pb_section][et_pb_section fb_built=&#8221;1&#8243; _builder_version=&#8221;4.27.5&#8243; _module_preset=&#8221;default&#8221; custom_margin=&#8221;7%||||false|false&#8221; custom_margin_tablet=&#8221;30%||||false|false&#8221; custom_margin_phone=&#8221;40%||||false|false&#8221; custom_margin_last_edited=&#8221;on|tablet&#8221; hover_enabled=&#8221;0&#8243; global_colors_info=&#8221;{}&#8221; sticky_enabled=&#8221;0&#8243;][et_pb_row _builder_version=&#8221;4.27.4&#8243; _module_preset=&#8221;default&#8221; custom_margin=&#8221;0%||||false|false&#8221; custom_margin_tablet=&#8221;-6%||||false|false&#8221; custom_margin_phone=&#8221;-10%||||false|false&#8221; custom_margin_last_edited=&#8221;on|phone&#8221; global_colors_info=&#8221;{}&#8221;][et_pb_column type=&#8221;4_4&#8243; _builder_version=&#8221;4.27.4&#8243; _module_preset=&#8221;default&#8221; global_colors_info=&#8221;{}&#8221;][et_pb_heading title=&#8221;Cultura y educaci\u00f3n&#8221; _builder_version=&#8221;4.27.4&#8243; _module_preset=&#8221;default&#8221; title_font=&#8221;Garet Heavy||||||||&#8221; title_text_align=&#8221;left&#8221; title_text_color=&#8221;#1f1914&#8243; title_font_size=&#8221;40px&#8221; title_font_size_tablet=&#8221;48px&#8221; title_font_size_phone=&#8221;25px&#8221; title_font_size_last_edited=&#8221;on|phone&#8221; global_colors_info=&#8221;{}&#8221;][\/et_pb_heading][et_pb_divider color=&#8221;#293417&#8243; divider_weight=&#8221;3px&#8221; _builder_version=&#8221;4.27.4&#8243; _module_preset=&#8221;default&#8221; custom_margin=&#8221;-2%||||false|false&#8221; custom_margin_tablet=&#8221;-2%||||false|false&#8221; custom_margin_phone=&#8221;-6%||||false|false&#8221; custom_margin_last_edited=&#8221;on|phone&#8221; global_colors_info=&#8221;{}&#8221;][\/et_pb_divider][\/et_pb_column][\/et_pb_row][et_pb_row column_structure=&#8221;1_3,2_3&#8243; _builder_version=&#8221;4.27.4&#8243; _module_preset=&#8221;default&#8221; custom_margin_tablet=&#8221;-5%||||false|false&#8221; custom_margin_phone=&#8221;-6%||||false|false&#8221; custom_margin_last_edited=&#8221;on|phone&#8221; global_colors_info=&#8221;{}&#8221;][et_pb_column type=&#8221;1_3&#8243; _builder_version=&#8221;4.27.4&#8243; _module_preset=&#8221;default&#8221; global_colors_info=&#8221;{}&#8221;][et_pb_image src=&#8221;https:\/\/tazacorte.es\/web\/wp-content\/uploads\/2025\/11\/Miguel_Yordan_Martin_Acosta.max-300x300_11zon-fotor-2025100783232.webp&#8221; title_text=&#8221;Miguel_Yordan_Martin_Acosta.max-300x300_11zon-fotor-2025100783232&#8243; _builder_version=&#8221;4.27.4&#8243; _module_preset=&#8221;default&#8221; global_colors_info=&#8221;{}&#8221;][\/et_pb_image][\/et_pb_column][et_pb_column type=&#8221;2_3&#8243; _builder_version=&#8221;4.27.4&#8243; _module_preset=&#8221;default&#8221; global_colors_info=&#8221;{}&#8221;][et_pb_text _builder_version=&#8221;4.27.4&#8243; _module_preset=&#8221;default&#8221; text_font=&#8221;Arial||||||||&#8221; text_text_color=&#8221;#1f1914&#8243; text_font_size=&#8221;18px&#8221; global_colors_info=&#8221;{}&#8221;]<\/p>\n<p style=\"text-align: justify;\">Como Concejal de Educaci\u00f3n, Cultura, Fiestas y Juventud del Ayuntamiento de Tazacorte os doy la bienvenida a la secci\u00f3n web donde se muestran las iniciativas culturales y educativas que se lleven a cabo en nuestro municipio. Este espacio, adem\u00e1s de ser un elemento difusor de las actividades de esta concejal\u00eda, pretende ser una herramienta activa que sirva para ver y ser vistos, para que se conozcan los actos e iniciativas que impulsa directamente el equipo de gesti\u00f3n y desarrollo de la concejal\u00eda de educaci\u00f3n y cultura y para que vosotros la enriquezc\u00e1is haci\u00e9ndonos llegar vuestras aportaciones.<\/p>\n<p style=\"text-align: justify;\">En la p\u00e1gina pod\u00e9is encontrar los bloques fundamentales sobre los que se vertebra la estructura organizativa de la concejal\u00eda siendo estos la programaci\u00f3n cultural, los cursos y talleres, la Biblioteca Municipal\u00a0 y la Escuela Municipal de M\u00fasica.<\/p>\n<p>[\/et_pb_text][\/et_pb_column][\/et_pb_row][et_pb_row _builder_version=&#8221;4.27.4&#8243; _module_preset=&#8221;default&#8221; custom_margin=&#8221;-1%||||false|false&#8221; custom_margin_tablet=&#8221;-5%||||false|false&#8221; custom_margin_phone=&#8221;-8%||||false|false&#8221; custom_margin_last_edited=&#8221;on|phone&#8221; global_colors_info=&#8221;{}&#8221;][et_pb_column type=&#8221;4_4&#8243; _builder_version=&#8221;4.27.4&#8243; _module_preset=&#8221;default&#8221; global_colors_info=&#8221;{}&#8221;][et_pb_text _builder_version=&#8221;4.27.4&#8243; _module_preset=&#8221;default&#8221; text_font=&#8221;Arial||||||||&#8221; text_text_color=&#8221;#1f1914&#8243; text_font_size=&#8221;18px&#8221; global_colors_info=&#8221;{}&#8221;]<\/p>\n<p style=\"text-align: justify;\">S\u00f3lo me resta agradeceros vuestra visita e invitaros a que sig\u00e1is en contacto con nosotros, haciendo que este sitio sea interactivo gracias a vuestra participaci\u00f3n en este que es vuestro sitio web.<\/p>\n<p>[\/et_pb_text][et_pb_heading title=&#8221;Miguel Yordan Mart\u00edn Acosta&#8221; _builder_version=&#8221;4.27.4&#8243; _module_preset=&#8221;default&#8221; title_font=&#8221;Garet Heavy||||||||&#8221; title_text_align=&#8221;left&#8221; title_text_color=&#8221;#1f1914&#8243; title_font_size=&#8221;28px&#8221; title_font_size_tablet=&#8221;28px&#8221; title_font_size_phone=&#8221;20px&#8221; title_font_size_last_edited=&#8221;on|phone&#8221; global_colors_info=&#8221;{}&#8221;][\/et_pb_heading][et_pb_text _builder_version=&#8221;4.27.4&#8243; _module_preset=&#8221;default&#8221; text_font=&#8221;Arial||||||||&#8221; text_text_color=&#8221;#1f1914&#8243; text_font_size=&#8221;18px&#8221; custom_margin=&#8221;-3%||||false|false&#8221; custom_margin_tablet=&#8221;-3%||||false|false&#8221; custom_margin_phone=&#8221;-7%||||false|false&#8221; custom_margin_last_edited=&#8221;on|desktop&#8221; global_colors_info=&#8221;{}&#8221;]<\/p>\n<p style=\"text-align: justify;\">Concejal de Educaci\u00f3n, Cultura, Fiestas y Juventud.<\/p>\n<p>[\/et_pb_text][\/et_pb_column][\/et_pb_row][\/et_pb_section]<\/p>\n","protected":false},"excerpt":{"rendered":"<p>Tazacorte, mayo 2, 2026 13:18Como Concejal de Educaci\u00f3n, Cultura, Fiestas y Juventud del Ayuntamiento de Tazacorte os doy la bienvenida a la secci\u00f3n web donde se muestran las iniciativas culturales y educativas que se lleven a cabo en nuestro municipio. Este espacio, adem\u00e1s de ser un elemento difusor de las actividades de esta concejal\u00eda, pretende ser una herramienta [&hellip;]<\/p>\n","protected":false},"author":1,"featured_media":0,"parent":0,"menu_order":0,"comment_status":"closed","ping_status":"closed","template":"","meta":{"_et_pb_use_builder":"on","_et_pb_old_content":"","_et_gb_content_width":"","footnotes":""},"class_list":["post-48","page","type-page","status-publish","hentry"],"yoast_head":"<!-- This site is optimized with the Yoast SEO plugin v27.1.1 - https:\/\/yoast.com\/product\/yoast-seo-wordpress\/ -->\n<title>Cultura y educaci\u00f3n - AYUNTAMIENTO DE TAZACORTE<\/title>\n<meta name=\"robots\" content=\"index, follow, max-snippet:-1, max-image-preview:large, max-video-preview:-1\" \/>\n<link rel=\"canonical\" href=\"https:\/\/tazacorte.es\/web\/cultura-y-educacion\" \/>\n<meta property=\"og:locale\" content=\"es_ES\" \/>\n<meta property=\"og:type\" content=\"article\" \/>\n<meta property=\"og:title\" content=\"Cultura y educaci\u00f3n - AYUNTAMIENTO DE TAZACORTE\" \/>\n<meta property=\"og:description\" content=\"Tazacorte, Como Concejal de Educaci\u00f3n, Cultura, Fiestas y Juventud del Ayuntamiento de Tazacorte os doy la bienvenida a la secci\u00f3n web donde se muestran las iniciativas culturales y educativas que se lleven a cabo en nuestro municipio. Este espacio, adem\u00e1s de ser un elemento difusor de las actividades de esta concejal\u00eda, pretende ser una herramienta [&hellip;]\" \/>\n<meta property=\"og:url\" content=\"https:\/\/tazacorte.es\/web\/cultura-y-educacion\" \/>\n<meta property=\"og:site_name\" content=\"AYUNTAMIENTO DE TAZACORTE\" \/>\n<meta property=\"article:modified_time\" content=\"2026-02-20T14:25:11+00:00\" \/>\n<meta name=\"twitter:card\" content=\"summary_large_image\" \/>\n<meta name=\"twitter:label1\" content=\"Est. reading time\" \/>\n\t<meta name=\"twitter:data1\" content=\"6 minutos\" \/>\n<script type=\"application\/ld+json\" class=\"yoast-schema-graph\">{\"@context\":\"https:\/\/schema.org\",\"@graph\":[{\"@type\":\"WebPage\",\"@id\":\"https:\/\/tazacorte.es\/web\/cultura-y-educacion\",\"url\":\"https:\/\/tazacorte.es\/web\/cultura-y-educacion\",\"name\":\"Cultura y educaci\u00f3n - AYUNTAMIENTO DE TAZACORTE\",\"isPartOf\":{\"@id\":\"https:\/\/tazacorte.es\/web\/#website\"},\"datePublished\":\"2025-11-05T14:01:26+00:00\",\"dateModified\":\"2026-02-20T14:25:11+00:00\",\"breadcrumb\":{\"@id\":\"https:\/\/tazacorte.es\/web\/cultura-y-educacion#breadcrumb\"},\"inLanguage\":\"es\",\"potentialAction\":[{\"@type\":\"ReadAction\",\"target\":[\"https:\/\/tazacorte.es\/web\/cultura-y-educacion\"]}]},{\"@type\":\"BreadcrumbList\",\"@id\":\"https:\/\/tazacorte.es\/web\/cultura-y-educacion#breadcrumb\",\"itemListElement\":[{\"@type\":\"ListItem\",\"position\":1,\"name\":\"Home\",\"item\":\"https:\/\/tazacorte.es\/web\/\"},{\"@type\":\"ListItem\",\"position\":2,\"name\":\"Cultura y educaci\u00f3n\"}]},{\"@type\":\"WebSite\",\"@id\":\"https:\/\/tazacorte.es\/web\/#website\",\"url\":\"https:\/\/tazacorte.es\/web\/\",\"name\":\"AYUNTAMIENTO DE TAZACORTE\",\"description\":\"\",\"potentialAction\":[{\"@type\":\"SearchAction\",\"target\":{\"@type\":\"EntryPoint\",\"urlTemplate\":\"https:\/\/tazacorte.es\/web\/?s={search_term_string}\"},\"query-input\":{\"@type\":\"PropertyValueSpecification\",\"valueRequired\":true,\"valueName\":\"search_term_string\"}}],\"inLanguage\":\"es\"}]}<\/script>\n<!-- \/ Yoast SEO plugin. -->","yoast_head_json":{"title":"Cultura y educaci\u00f3n - AYUNTAMIENTO DE TAZACORTE","robots":{"index":"index","follow":"follow","max-snippet":"max-snippet:-1","max-image-preview":"max-image-preview:large","max-video-preview":"max-video-preview:-1"},"canonical":"https:\/\/tazacorte.es\/web\/cultura-y-educacion","og_locale":"es_ES","og_type":"article","og_title":"Cultura y educaci\u00f3n - AYUNTAMIENTO DE TAZACORTE","og_description":"Tazacorte, Como Concejal de Educaci\u00f3n, Cultura, Fiestas y Juventud del Ayuntamiento de Tazacorte os doy la bienvenida a la secci\u00f3n web donde se muestran las iniciativas culturales y educativas que se lleven a cabo en nuestro municipio. Este espacio, adem\u00e1s de ser un elemento difusor de las actividades de esta concejal\u00eda, pretende ser una herramienta [&hellip;]","og_url":"https:\/\/tazacorte.es\/web\/cultura-y-educacion","og_site_name":"AYUNTAMIENTO DE TAZACORTE","article_modified_time":"2026-02-20T14:25:11+00:00","twitter_card":"summary_large_image","twitter_misc":{"Est. reading time":"6 minutos"},"schema":{"@context":"https:\/\/schema.org","@graph":[{"@type":"WebPage","@id":"https:\/\/tazacorte.es\/web\/cultura-y-educacion","url":"https:\/\/tazacorte.es\/web\/cultura-y-educacion","name":"Cultura y educaci\u00f3n - AYUNTAMIENTO DE TAZACORTE","isPartOf":{"@id":"https:\/\/tazacorte.es\/web\/#website"},"datePublished":"2025-11-05T14:01:26+00:00","dateModified":"2026-02-20T14:25:11+00:00","breadcrumb":{"@id":"https:\/\/tazacorte.es\/web\/cultura-y-educacion#breadcrumb"},"inLanguage":"es","potentialAction":[{"@type":"ReadAction","target":["https:\/\/tazacorte.es\/web\/cultura-y-educacion"]}]},{"@type":"BreadcrumbList","@id":"https:\/\/tazacorte.es\/web\/cultura-y-educacion#breadcrumb","itemListElement":[{"@type":"ListItem","position":1,"name":"Home","item":"https:\/\/tazacorte.es\/web\/"},{"@type":"ListItem","position":2,"name":"Cultura y educaci\u00f3n"}]},{"@type":"WebSite","@id":"https:\/\/tazacorte.es\/web\/#website","url":"https:\/\/tazacorte.es\/web\/","name":"AYUNTAMIENTO DE TAZACORTE","description":"","potentialAction":[{"@type":"SearchAction","target":{"@type":"EntryPoint","urlTemplate":"https:\/\/tazacorte.es\/web\/?s={search_term_string}"},"query-input":{"@type":"PropertyValueSpecification","valueRequired":true,"valueName":"search_term_string"}}],"inLanguage":"es"}]}},"_links":{"self":[{"href":"https:\/\/tazacorte.es\/web\/wp-json\/wp\/v2\/pages\/48","targetHints":{"allow":["GET"]}}],"collection":[{"href":"https:\/\/tazacorte.es\/web\/wp-json\/wp\/v2\/pages"}],"about":[{"href":"https:\/\/tazacorte.es\/web\/wp-json\/wp\/v2\/types\/page"}],"author":[{"embeddable":true,"href":"https:\/\/tazacorte.es\/web\/wp-json\/wp\/v2\/users\/1"}],"replies":[{"embeddable":true,"href":"https:\/\/tazacorte.es\/web\/wp-json\/wp\/v2\/comments?post=48"}],"version-history":[{"count":9,"href":"https:\/\/tazacorte.es\/web\/wp-json\/wp\/v2\/pages\/48\/revisions"}],"predecessor-version":[{"id":797,"href":"https:\/\/tazacorte.es\/web\/wp-json\/wp\/v2\/pages\/48\/revisions\/797"}],"wp:attachment":[{"href":"https:\/\/tazacorte.es\/web\/wp-json\/wp\/v2\/media?parent=48"}],"curies":[{"name":"wp","href":"https:\/\/api.w.org\/{rel}","templated":true}]}}