{"id":62,"date":"2025-11-05T14:13:16","date_gmt":"2025-11-05T14:13:16","guid":{"rendered":"http:\/\/tazacorte.es\/web\/?page_id=62"},"modified":"2026-02-20T14:28:15","modified_gmt":"2026-02-20T14:28:15","slug":"fiestas","status":"publish","type":"page","link":"https:\/\/tazacorte.es\/web\/fiestas","title":{"rendered":"Fiestas"},"content":{"rendered":"<p>[et_pb_section fb_built=&#8221;1&#8243; _builder_version=&#8221;4.27.5&#8243; _module_preset=&#8221;default&#8221; custom_margin=&#8221;7%||||false|false&#8221; custom_margin_tablet=&#8221;28%||||false|false&#8221; custom_margin_phone=&#8221;40%||||false|false&#8221; custom_margin_last_edited=&#8221;on|phone&#8221; hover_enabled=&#8221;0&#8243; global_colors_info=&#8221;{}&#8221; sticky_enabled=&#8221;0&#8243;][et_pb_row _builder_version=&#8221;4.27.4&#8243; _module_preset=&#8221;default&#8221; custom_margin=&#8221;0%||||false|false&#8221; custom_margin_tablet=&#8221;-6%||||false|false&#8221; custom_margin_phone=&#8221;-10%||||false|false&#8221; custom_margin_last_edited=&#8221;on|phone&#8221; global_colors_info=&#8221;{}&#8221;][et_pb_column type=&#8221;4_4&#8243; _builder_version=&#8221;4.27.4&#8243; _module_preset=&#8221;default&#8221; global_colors_info=&#8221;{}&#8221;][et_pb_heading title=&#8221;Fiestas&#8221; _builder_version=&#8221;4.27.4&#8243; _module_preset=&#8221;default&#8221; title_font=&#8221;Garet Heavy||||||||&#8221; title_text_align=&#8221;left&#8221; title_text_color=&#8221;#1f1914&#8243; title_font_size=&#8221;40px&#8221; title_font_size_tablet=&#8221;48px&#8221; title_font_size_phone=&#8221;30px&#8221; title_font_size_last_edited=&#8221;on|phone&#8221; global_colors_info=&#8221;{}&#8221;][\/et_pb_heading][et_pb_divider color=&#8221;#293417&#8243; divider_weight=&#8221;3px&#8221; _builder_version=&#8221;4.27.4&#8243; _module_preset=&#8221;default&#8221; custom_margin=&#8221;-2%||||false|false&#8221; custom_margin_tablet=&#8221;-2%||||false|false&#8221; custom_margin_phone=&#8221;-6%||||false|false&#8221; custom_margin_last_edited=&#8221;on|phone&#8221; global_colors_info=&#8221;{}&#8221;][\/et_pb_divider][\/et_pb_column][\/et_pb_row][et_pb_row column_structure=&#8221;1_3,2_3&#8243; _builder_version=&#8221;4.27.4&#8243; _module_preset=&#8221;default&#8221; custom_margin_tablet=&#8221;-5%||||false|false&#8221; custom_margin_phone=&#8221;-6%||||false|false&#8221; custom_margin_last_edited=&#8221;on|phone&#8221; global_colors_info=&#8221;{}&#8221;][et_pb_column type=&#8221;1_3&#8243; _builder_version=&#8221;4.27.4&#8243; _module_preset=&#8221;default&#8221; global_colors_info=&#8221;{}&#8221;][et_pb_image src=&#8221;https:\/\/tazacorte.es\/web\/wp-content\/uploads\/2025\/11\/540470960_1099261582396091_7615409370445255873_n-fotor-2025100992438_11zon.webp&#8221; _builder_version=&#8221;4.27.4&#8243; _module_preset=&#8221;default&#8221; width=&#8221;90%&#8221; global_colors_info=&#8221;{}&#8221;][\/et_pb_image][\/et_pb_column][et_pb_column type=&#8221;2_3&#8243; _builder_version=&#8221;4.27.4&#8243; _module_preset=&#8221;default&#8221; global_colors_info=&#8221;{}&#8221;][et_pb_text _builder_version=&#8221;4.27.4&#8243; _module_preset=&#8221;default&#8221; text_font=&#8221;Arial||||||||&#8221; text_text_color=&#8221;#1f1914&#8243; text_font_size=&#8221;18px&#8221; global_colors_info=&#8221;{}&#8221;]<\/p>\n<p style=\"text-align: justify;\">Le damos la bienvenida a la secci\u00f3n web del \u00c1rea de Fiestas.<\/p>\n<p>[\/et_pb_text][\/et_pb_column][\/et_pb_row][et_pb_row _builder_version=&#8221;4.27.4&#8243; _module_preset=&#8221;default&#8221; custom_margin=&#8221;-1%||||false|false&#8221; custom_margin_tablet=&#8221;-5%||||false|false&#8221; custom_margin_phone=&#8221;-8%||||false|false&#8221; custom_margin_last_edited=&#8221;on|phone&#8221; global_colors_info=&#8221;{}&#8221;][et_pb_column type=&#8221;4_4&#8243; _builder_version=&#8221;4.27.4&#8243; _module_preset=&#8221;default&#8221; global_colors_info=&#8221;{}&#8221;][et_pb_accordion open_toggle_background_color=&#8221;#FFFFFF&#8221; closed_toggle_background_color=&#8221;#FFFFFF&#8221; icon_color=&#8221;#ea6118&#8243; _builder_version=&#8221;4.27.4&#8243; _module_preset=&#8221;default&#8221; global_colors_info=&#8221;{}&#8221;][et_pb_accordion_item title=&#8221;D\u00eda de las cruces&#8221; open=&#8221;on&#8221; _builder_version=&#8221;4.27.4&#8243; _module_preset=&#8221;default&#8221; body_font=&#8221;Arial||||||||&#8221; body_text_color=&#8221;#1f1914&#8243; body_font_size=&#8221;16px&#8221; border_width_top=&#8221;0px&#8221; border_color_top=&#8221;#ea6118&#8243; box_shadow_style=&#8221;preset2&#8243; box_shadow_horizontal=&#8221;0px&#8221; box_shadow_vertical=&#8221;2px&#8221; box_shadow_blur=&#8221;6px&#8221; box_shadow_color=&#8221;rgba(234,97,24,0.66)&#8221; global_colors_info=&#8221;{}&#8221; toggle_text_color=&#8221;#1f1914&#8243; toggle_font=&#8221;Garet Heavy||||||||&#8221; toggle_font_size=&#8221;18px&#8221; closed_toggle_font=&#8221;Garet Heavy||||||||&#8221;]<\/p>\n<p style=\"text-align: justify;\">El 3 de Mayo, se celebra en Canarias el d\u00eda de las cruces.<\/p>\n<p style=\"text-align: justify;\">En Tazacorte, antiguamente, se celebraba con gran vocaci\u00f3n este d\u00eda festivo para el pueblo baga\u00f1ete, con misas realizadas junto a las cruces y enrame de \u00e9stas, seguidas de fuegos artificiales, que con el paso del tiempo se han relegado a un segundo plano.<\/p>\n<p style=\"text-align: justify;\">En la actualidad queremos seguir con esta tradici\u00f3n, por eso, hemos querido mostrar una peque\u00f1a exposici\u00f3n de las cruces de nuestro pueblo que a\u00fan se siguen manteniendo y enramando por los vecinos.<\/p>\n<p style=\"text-align: justify;\">Algunas de estas cruces tienen leyendas, como la Cruz de San Isidro, que posee una gran tradici\u00f3n, colocada para apaciguar un alma en pena que en ocasiones se presentaba a los vecinos a la Cruz Herrera o La Calzada una de las m\u00e1s antiguas.<\/p>\n<p>[\/et_pb_accordion_item][et_pb_accordion_item title=&#8221;Fiestas del municipio&#8221; icon_color=&#8221;#ea6118&#8243; _builder_version=&#8221;4.27.4&#8243; _module_preset=&#8221;default&#8221; body_font=&#8221;Arial||||||||&#8221; body_text_color=&#8221;#1f1914&#8243; body_font_size=&#8221;16px&#8221; border_width_top=&#8221;0px&#8221; border_color_top=&#8221;#ea6118&#8243; box_shadow_style=&#8221;preset2&#8243; box_shadow_horizontal=&#8221;0px&#8221; box_shadow_vertical=&#8221;2px&#8221; box_shadow_blur=&#8221;6px&#8221; box_shadow_color=&#8221;rgba(234,97,24,0.66)&#8221; global_colors_info=&#8221;{}&#8221; toggle_text_color=&#8221;#1f1914&#8243; toggle_font=&#8221;Garet Heavy||||||||&#8221; toggle_font_size=&#8221;18px&#8221; closed_toggle_font=&#8221;Garet Heavy||||||||&#8221; open=&#8221;off&#8221;]<\/p>\n<p style=\"text-align: justify;\">Fiesta de Ntra Sra. del Carmen en el Puerto de Tazacorte<\/p>\n<p style=\"text-align: justify;\">16 de Julio<\/p>\n<p style=\"text-align: justify;\">Fiesta de San Miguel Arc\u00e1ngel Patr\u00f3n de la Isla de La Palma<\/p>\n<p style=\"text-align: justify;\">29 de Septiembre<\/p>\n<p style=\"text-align: justify;\">Tazacorte celebra, entre otras fiestas comunes, profanas y religiosas (como Carnaval y Navidades) tres fiestas con car\u00e1cter propio en su calendario local:<\/p>\n<p style=\"text-align: justify;\">&#8211; La mayor, la de San Miguel Arc\u00e1ngel, Patr\u00f3n de la Villa y Puerto de Tazacorte; al tiempo que lo es de la Isla, cuya nominaci\u00f3n completa es San Miguel de La Palma.<\/p>\n<p style=\"text-align: justify;\">&#8211; La del Puerto de Tazacorte, esencialmente marinera, en honor a la Virgen del Carmen.<\/p>\n<p style=\"text-align: justify;\">&#8211; Y la de los Beatos M\u00e1rtires, Padre Ignacio de Acevedo y compa\u00f1eros de Misi\u00f3n, inmolados en el gale\u00f3n <span>\u00abSantiago\u00bb por el hugonote Jacques de Soria a poco de zarpar, rumbo a Brasil, desde la desembocadura del Barranco de las Angustias.<\/span><\/p>\n<p style=\"text-align: justify;\"><span>La Fiesta mayor, de San Miguel Arc\u00e1ngel, comienza a mediados del mes de Septiembre, tiene su d\u00eda grande el 29, Festividad del Santo, y finaliza en los primeros d\u00edas del mes de Octubre. A m\u00e1s de una serie de actos recreativos y culturales que var\u00edan, de un a\u00f1o a otro, en funci\u00f3n de las circunstancias y posibilidades de programaci\u00f3n, mantiene todos los a\u00f1os las siguientes:<\/span><\/p>\n<p style=\"text-align: justify;\"><span style=\"color: #1f1914;\">&#8211; La Gala de Elecci\u00f3n y Coronaci\u00f3n de la Reina de las Fiestas, que por general constituye la apertura del periodo festivo. <\/span><\/p>\n<p style=\"text-align: justify;\"><span style=\"color: #1f1914;\">&#8211; Las Fiestas de Presentaci\u00f3n, Festival y Coronaci\u00f3n de la Reina de la Tercera Edad.<\/span><\/p>\n<p style=\"text-align: justify;\"><span>Por lo com\u00fan, diez d\u00edas antes del D\u00eda del Santo, por una comitiva de j\u00f3venes en traje t\u00edpico de Tazacorte, la traidiconal ofrenda a San Miguel Arc\u00e1ngel.<\/span><\/p>\n<p style=\"text-align: justify;\"><span>Los d\u00edas 26, 27 y 28, celebraci\u00f3n de un Triudio a San Miguel en el Templo Parroquial.<\/span><\/p>\n<p style=\"text-align: justify;\"><span>La V\u00edspera del 29, el m\u00e1s emblem\u00e1tico y singular n\u00famero de la Fiesta: el baile a lo largo de la Avenida, de los Caballos Fufos. Un n\u00famero viv\u00edsimo, alegre y popular, de participaci\u00f3n masiva, cuyo origen parece estar en caballos similares del Carnaval Afro-Cubano de Trinidad, en la Gran Antilla. Tr\u00eddos y adaptados a Tazacorte, en tiempo inmemorial, por migrantes que regresaban.<\/span><\/p>\n<p style=\"text-align: justify;\"><span>En la propia v\u00edspera, al caer la noche, otro n\u00famero que ha dado fama a Tazacorte fuera de sus l\u00edmites: el Gran Desfile de Carrozas Art\u00edsticas. De tres a cuatro carrozas, de espectacular belleza, ejecutadas por artistas y artesanos locales sobre motivos renovados de a\u00f1o a a\u00f1o, y que encabeza siempre la, por lo com\u00fan, m\u00e1s lujosa, exaltando a la Reina de las Fiestas.<\/span><\/p>\n<p style=\"text-align: justify;\"><span>El d\u00eda grande, iniciado por la Diana Floreada, con Gigantes y Cabezudos, se caracteriza por la primac\u00eda fundamental de los actos religiosos:<\/span><\/p>\n<p style=\"text-align: justify;\"><span>La Santa Misa Solemne en honor a San Miguel, en el transcurso de la cual se efectua La Tradicional ofrenda del Excmo. Cabildo Insular de La Palma al patr\u00f3n de la isla.<\/span><\/p>\n<p style=\"text-align: justify;\"><span>En la tarde del mismo d\u00eda 29, celebraci\u00f3n de la Misa ofrecida por los hijos del pueblo ausentes, seguida de Procesi\u00f3n de la sagrada imagen y culminada por una exhibici\u00f3n espectacular de fuegos artificiales.<\/span><\/p>\n<p style=\"text-align: justify;\"><span>Las fiestas suelen acabar en los primeros cuatro d\u00edas del mes de Octubre, con un festival infantil, y el tradicional baile de parejas, en la Plaza de Espa\u00f1a.<\/span><\/p>\n<p style=\"text-align: justify;\"><span>Entre la diversidad de actos recreativos y culturales, merecen destacarse la celebraci\u00f3n del d\u00eda t\u00edpico, rematado por una verbena con participaci\u00f3n masiva en traje tradicional; la celebraci\u00f3n de carreras de caballos, luchadas, competiciones marineras en el puerto, velada litero-musical y otros.<\/span><\/p>\n<p style=\"text-align: justify;\"><span>Las Fiestas de Nuestra Se\u00f1ora del Carmen, en el Puerto, suelen comenzar desde la segunda semana del mes de Julio, para acabar el d\u00eda despu\u00e9s del D\u00eda del Carmen, 16 de Julio.<\/span><\/p>\n<p style=\"text-align: justify;\"><span>En su programa tienen una particular incidencia las competiciones marineras (Pesca, Vela, Nataci\u00f3n, Cuca\u00f1a&#8230;); se programan d\u00edas dedicados a la infancia y la tercera edad, as\u00ed como una serie de actos recreativos y culturales dependientes de las circunstancias y posibilidades de cada a\u00f1o.<\/span><\/p>\n<p style=\"text-align: justify;\"><span>El acto central y m\u00e1s representativo de las fiestas del Carmen, en el Puerto de Tazacorte, es el d\u00eda 16, la Procesi\u00f3n Mar\u00edtima, desde el viejo espug\u00f3n de Juan Graje al nuevo Puerto Refugio, celebraci\u00f3n de la santa misa, en la explanada de dicho Refugio Pesquero, regreso, en procesi\u00f3n por tierra, y exhibici\u00f3n de fuegos artificiales, antes de la entrada en su templo de la imagen de la Sant\u00edsima Virgen.<\/span><\/p>\n<p style=\"text-align: justify;\"><span>Al siguiente d\u00eda, se cierran las Fiestas con una Santa Misa por los Difuntos del Mar.<\/span><\/p>\n<p style=\"text-align: justify;\"><span>Estas Fiestas del Carmen, en paralelo con el progresivo auge del Barrio del Puerto, que ya es m\u00e1s que un modesto enclave de pescadores, experimentan, de a\u00f1o en a\u00f1o, una considerable superaci\u00f3n.<\/span><\/p>\n<p style=\"text-align: justify;\"><span>Finalmente, se hace referencia a la Festividad de los Beatos M\u00e1rtires, cuya principal caracter\u00edstica es ser, hoy por hoy, estrictamente relogiosa. Con ella se celebra el aniversario del hecho que conmemora, sucedido el 15 de julio de 1570. Los actos consisten en una Santa Misa, solemne, concelebrada, en el Templo Parroquial de San Miguel, en la tarde del citado d\u00eda 15, seguida de veneraci\u00f3n de las reliquias y procesi\u00f3n de la imagen del Beato Ignacio de Acevedo.<\/span><\/p>\n<p style=\"text-align: justify;\"><span>En estos \u00faltimos a\u00f1os se ha dado la circunstancia de haberse hecho coincidir esta celebraci\u00f3n, muy arraigada, en su aspecto hist\u00f3rico, en el alma del pueblo, con la presencia del Prelado de la Di\u00f3cesis para impartir el Sacramento de la Confrmaci\u00f3n.<\/span><\/p>\n<p>[\/et_pb_accordion_item][\/et_pb_accordion][et_pb_image src=&#8221;https:\/\/tazacorte.es\/web\/wp-content\/uploads\/2025\/11\/Miguel_Yordan_Martin_Acosta.max-300x300_11zon-fotor-2025100783232.webp&#8221; title_text=&#8221;Miguel_Yordan_Martin_Acosta.max-300x300_11zon-fotor-2025100783232&#8243; _builder_version=&#8221;4.27.4&#8243; _module_preset=&#8221;default&#8221; global_colors_info=&#8221;{}&#8221;][\/et_pb_image][et_pb_heading title=&#8221;Miguel Yordan Mart\u00edn Acosta&#8221; _builder_version=&#8221;4.27.4&#8243; _module_preset=&#8221;default&#8221; title_font=&#8221;Garet Heavy||||||||&#8221; title_text_align=&#8221;left&#8221; title_text_color=&#8221;#1f1914&#8243; title_font_size=&#8221;28px&#8221; title_font_size_tablet=&#8221;28px&#8221; title_font_size_phone=&#8221;20px&#8221; title_font_size_last_edited=&#8221;on|phone&#8221; global_colors_info=&#8221;{}&#8221;][\/et_pb_heading][et_pb_text _builder_version=&#8221;4.27.4&#8243; _module_preset=&#8221;default&#8221; text_font=&#8221;Arial||||||||&#8221; text_text_color=&#8221;#1f1914&#8243; text_font_size=&#8221;18px&#8221; custom_margin=&#8221;-3%||||false|false&#8221; custom_margin_tablet=&#8221;-3%||||false|false&#8221; custom_margin_phone=&#8221;-7%||||false|false&#8221; custom_margin_last_edited=&#8221;on|desktop&#8221; global_colors_info=&#8221;{}&#8221;]<\/p>\n<p style=\"text-align: justify;\"><span>Concejal de Educaci\u00f3n, Cultura, Fiestas y Juventud.<\/span><\/p>\n<p>[\/et_pb_text][\/et_pb_column][\/et_pb_row][\/et_pb_section]<\/p>\n","protected":false},"excerpt":{"rendered":"<p>Le damos la bienvenida a la secci\u00f3n web del \u00c1rea de Fiestas.El 3 de Mayo, se celebra en Canarias el d\u00eda de las cruces. En Tazacorte, antiguamente, se celebraba con gran vocaci\u00f3n este d\u00eda festivo para el pueblo baga\u00f1ete, con misas realizadas junto a las cruces y enrame de \u00e9stas, seguidas de fuegos artificiales, que [&hellip;]<\/p>\n","protected":false},"author":1,"featured_media":0,"parent":0,"menu_order":0,"comment_status":"closed","ping_status":"closed","template":"","meta":{"_et_pb_use_builder":"on","_et_pb_old_content":"","_et_gb_content_width":"","footnotes":""},"class_list":["post-62","page","type-page","status-publish","hentry"],"yoast_head":"<!-- This site is optimized with the Yoast SEO plugin v27.1.1 - https:\/\/yoast.com\/product\/yoast-seo-wordpress\/ -->\n<title>Fiestas - AYUNTAMIENTO DE TAZACORTE<\/title>\n<meta name=\"robots\" content=\"index, follow, max-snippet:-1, max-image-preview:large, max-video-preview:-1\" \/>\n<link rel=\"canonical\" href=\"https:\/\/tazacorte.es\/web\/fiestas\" \/>\n<meta property=\"og:locale\" content=\"es_ES\" \/>\n<meta property=\"og:type\" content=\"article\" \/>\n<meta property=\"og:title\" content=\"Fiestas - AYUNTAMIENTO DE TAZACORTE\" \/>\n<meta property=\"og:description\" content=\"Le damos la bienvenida a la secci\u00f3n web del \u00c1rea de Fiestas.El 3 de Mayo, se celebra en Canarias el d\u00eda de las cruces. En Tazacorte, antiguamente, se celebraba con gran vocaci\u00f3n este d\u00eda festivo para el pueblo baga\u00f1ete, con misas realizadas junto a las cruces y enrame de \u00e9stas, seguidas de fuegos artificiales, que [&hellip;]\" \/>\n<meta property=\"og:url\" content=\"https:\/\/tazacorte.es\/web\/fiestas\" \/>\n<meta property=\"og:site_name\" content=\"AYUNTAMIENTO DE TAZACORTE\" \/>\n<meta property=\"article:modified_time\" content=\"2026-02-20T14:28:15+00:00\" \/>\n<meta name=\"twitter:card\" content=\"summary_large_image\" \/>\n<meta name=\"twitter:label1\" content=\"Est. reading time\" \/>\n\t<meta name=\"twitter:data1\" content=\"9 minutos\" \/>\n<script type=\"application\/ld+json\" class=\"yoast-schema-graph\">{\"@context\":\"https:\/\/schema.org\",\"@graph\":[{\"@type\":\"WebPage\",\"@id\":\"https:\/\/tazacorte.es\/web\/fiestas\",\"url\":\"https:\/\/tazacorte.es\/web\/fiestas\",\"name\":\"Fiestas - AYUNTAMIENTO DE TAZACORTE\",\"isPartOf\":{\"@id\":\"https:\/\/tazacorte.es\/web\/#website\"},\"datePublished\":\"2025-11-05T14:13:16+00:00\",\"dateModified\":\"2026-02-20T14:28:15+00:00\",\"breadcrumb\":{\"@id\":\"https:\/\/tazacorte.es\/web\/fiestas#breadcrumb\"},\"inLanguage\":\"es\",\"potentialAction\":[{\"@type\":\"ReadAction\",\"target\":[\"https:\/\/tazacorte.es\/web\/fiestas\"]}]},{\"@type\":\"BreadcrumbList\",\"@id\":\"https:\/\/tazacorte.es\/web\/fiestas#breadcrumb\",\"itemListElement\":[{\"@type\":\"ListItem\",\"position\":1,\"name\":\"Home\",\"item\":\"https:\/\/tazacorte.es\/web\/\"},{\"@type\":\"ListItem\",\"position\":2,\"name\":\"Fiestas\"}]},{\"@type\":\"WebSite\",\"@id\":\"https:\/\/tazacorte.es\/web\/#website\",\"url\":\"https:\/\/tazacorte.es\/web\/\",\"name\":\"AYUNTAMIENTO DE TAZACORTE\",\"description\":\"\",\"potentialAction\":[{\"@type\":\"SearchAction\",\"target\":{\"@type\":\"EntryPoint\",\"urlTemplate\":\"https:\/\/tazacorte.es\/web\/?s={search_term_string}\"},\"query-input\":{\"@type\":\"PropertyValueSpecification\",\"valueRequired\":true,\"valueName\":\"search_term_string\"}}],\"inLanguage\":\"es\"}]}<\/script>\n<!-- \/ Yoast SEO plugin. -->","yoast_head_json":{"title":"Fiestas - AYUNTAMIENTO DE TAZACORTE","robots":{"index":"index","follow":"follow","max-snippet":"max-snippet:-1","max-image-preview":"max-image-preview:large","max-video-preview":"max-video-preview:-1"},"canonical":"https:\/\/tazacorte.es\/web\/fiestas","og_locale":"es_ES","og_type":"article","og_title":"Fiestas - AYUNTAMIENTO DE TAZACORTE","og_description":"Le damos la bienvenida a la secci\u00f3n web del \u00c1rea de Fiestas.El 3 de Mayo, se celebra en Canarias el d\u00eda de las cruces. En Tazacorte, antiguamente, se celebraba con gran vocaci\u00f3n este d\u00eda festivo para el pueblo baga\u00f1ete, con misas realizadas junto a las cruces y enrame de \u00e9stas, seguidas de fuegos artificiales, que [&hellip;]","og_url":"https:\/\/tazacorte.es\/web\/fiestas","og_site_name":"AYUNTAMIENTO DE TAZACORTE","article_modified_time":"2026-02-20T14:28:15+00:00","twitter_card":"summary_large_image","twitter_misc":{"Est. reading time":"9 minutos"},"schema":{"@context":"https:\/\/schema.org","@graph":[{"@type":"WebPage","@id":"https:\/\/tazacorte.es\/web\/fiestas","url":"https:\/\/tazacorte.es\/web\/fiestas","name":"Fiestas - AYUNTAMIENTO DE TAZACORTE","isPartOf":{"@id":"https:\/\/tazacorte.es\/web\/#website"},"datePublished":"2025-11-05T14:13:16+00:00","dateModified":"2026-02-20T14:28:15+00:00","breadcrumb":{"@id":"https:\/\/tazacorte.es\/web\/fiestas#breadcrumb"},"inLanguage":"es","potentialAction":[{"@type":"ReadAction","target":["https:\/\/tazacorte.es\/web\/fiestas"]}]},{"@type":"BreadcrumbList","@id":"https:\/\/tazacorte.es\/web\/fiestas#breadcrumb","itemListElement":[{"@type":"ListItem","position":1,"name":"Home","item":"https:\/\/tazacorte.es\/web\/"},{"@type":"ListItem","position":2,"name":"Fiestas"}]},{"@type":"WebSite","@id":"https:\/\/tazacorte.es\/web\/#website","url":"https:\/\/tazacorte.es\/web\/","name":"AYUNTAMIENTO DE TAZACORTE","description":"","potentialAction":[{"@type":"SearchAction","target":{"@type":"EntryPoint","urlTemplate":"https:\/\/tazacorte.es\/web\/?s={search_term_string}"},"query-input":{"@type":"PropertyValueSpecification","valueRequired":true,"valueName":"search_term_string"}}],"inLanguage":"es"}]}},"_links":{"self":[{"href":"https:\/\/tazacorte.es\/web\/wp-json\/wp\/v2\/pages\/62","targetHints":{"allow":["GET"]}}],"collection":[{"href":"https:\/\/tazacorte.es\/web\/wp-json\/wp\/v2\/pages"}],"about":[{"href":"https:\/\/tazacorte.es\/web\/wp-json\/wp\/v2\/types\/page"}],"author":[{"embeddable":true,"href":"https:\/\/tazacorte.es\/web\/wp-json\/wp\/v2\/users\/1"}],"replies":[{"embeddable":true,"href":"https:\/\/tazacorte.es\/web\/wp-json\/wp\/v2\/comments?post=62"}],"version-history":[{"count":5,"href":"https:\/\/tazacorte.es\/web\/wp-json\/wp\/v2\/pages\/62\/revisions"}],"predecessor-version":[{"id":800,"href":"https:\/\/tazacorte.es\/web\/wp-json\/wp\/v2\/pages\/62\/revisions\/800"}],"wp:attachment":[{"href":"https:\/\/tazacorte.es\/web\/wp-json\/wp\/v2\/media?parent=62"}],"curies":[{"name":"wp","href":"https:\/\/api.w.org\/{rel}","templated":true}]}}