{"id":75,"date":"2025-11-05T14:17:30","date_gmt":"2025-11-05T14:17:30","guid":{"rendered":"http:\/\/tazacorte.es\/web\/?page_id=75"},"modified":"2026-02-20T14:14:42","modified_gmt":"2026-02-20T14:14:42","slug":"organos-de-gobierno","status":"publish","type":"page","link":"https:\/\/tazacorte.es\/web\/organos-de-gobierno","title":{"rendered":"\u00d3rganos de Gobierno"},"content":{"rendered":"<p>[et_pb_section fb_built=&#8221;1&#8243; _builder_version=&#8221;4.27.5&#8243; _module_preset=&#8221;default&#8221; custom_margin=&#8221;8%||||false|false&#8221; custom_margin_tablet=&#8221;24%||||false|false&#8221; custom_margin_phone=&#8221;25%||||false|false&#8221; custom_margin_last_edited=&#8221;on|tablet&#8221; hover_enabled=&#8221;0&#8243; global_colors_info=&#8221;{}&#8221; sticky_enabled=&#8221;0&#8243;][et_pb_row _builder_version=&#8221;4.27.4&#8243; _module_preset=&#8221;default&#8221; custom_margin=&#8221;0%||||false|false&#8221; global_colors_info=&#8221;{}&#8221;][et_pb_column type=&#8221;4_4&#8243; _builder_version=&#8221;4.27.4&#8243; _module_preset=&#8221;default&#8221; global_colors_info=&#8221;{}&#8221;][et_pb_heading title=&#8221;\u00d3rganos de Gobierno&#8221; _builder_version=&#8221;4.27.5&#8243; _module_preset=&#8221;default&#8221; title_font=&#8221;Garet Heavy||||||||&#8221; title_text_align=&#8221;left&#8221; title_text_color=&#8221;#1f1914&#8243; title_font_size=&#8221;40px&#8221; hover_enabled=&#8221;0&#8243; title_font_size_tablet=&#8221;40px&#8221; title_font_size_phone=&#8221;25px&#8221; title_font_size_last_edited=&#8221;on|phone&#8221; global_colors_info=&#8221;{}&#8221; sticky_enabled=&#8221;0&#8243;][\/et_pb_heading][et_pb_divider color=&#8221;#293417&#8243; divider_weight=&#8221;3px&#8221; _builder_version=&#8221;4.27.5&#8243; _module_preset=&#8221;default&#8221; custom_margin=&#8221;-2%||||false|false&#8221; hover_enabled=&#8221;0&#8243; global_colors_info=&#8221;{}&#8221; custom_margin_last_edited=&#8221;on|phone&#8221; custom_margin_phone=&#8221;-6%||||false|false&#8221; sticky_enabled=&#8221;0&#8243; custom_margin_tablet=&#8221;-2%||||false|false&#8221;][\/et_pb_divider][et_pb_accordion open_toggle_text_color=&#8221;#1f1914&#8243; open_toggle_background_color=&#8221;#FFFFFF&#8221; closed_toggle_text_color=&#8221;#1f1914&#8243; closed_toggle_background_color=&#8221;#FFFFFF&#8221; icon_color=&#8221;#ea6118&#8243; _builder_version=&#8221;4.27.4&#8243; _module_preset=&#8221;default&#8221; toggle_text_color=&#8221;#1f1914&#8243; toggle_font=&#8221;Garet Heavy||||||||&#8221; body_font=&#8221;Arial||||||||&#8221; body_text_color=&#8221;#1f1914&#8243; body_font_size=&#8221;16px&#8221; global_colors_info=&#8221;{}&#8221;][et_pb_accordion_item title=&#8221;Alcalde \/ Presidente&#8221; _builder_version=&#8221;4.27.4&#8243; _module_preset=&#8221;default&#8221; body_font=&#8221;Arial||||||||&#8221; body_font_size=&#8221;18px&#8221; border_width_all=&#8221;0px&#8221; border_color_top=&#8221;#ea6118&#8243; border_color_bottom=&#8221;#ea6118&#8243; box_shadow_style=&#8221;preset2&#8243; box_shadow_horizontal=&#8221;0px&#8221; box_shadow_vertical=&#8221;2px&#8221; box_shadow_blur=&#8221;6px&#8221; box_shadow_color=&#8221;rgba(234,97,24,0.66)&#8221; global_colors_info=&#8221;{}&#8221; toggle_font=&#8221;Garet Heavy||||||||&#8221; toggle_font_size=&#8221;18px&#8221; closed_toggle_font=&#8221;Garet Heavy||||||||&#8221; closed_toggle_font_size=&#8221;18px&#8221; open=&#8221;on&#8221;]<\/p>\n<p>David Ruiz \u00c1lvarez<\/p>\n<p>[\/et_pb_accordion_item][et_pb_accordion_item title=&#8221;Tenientes de Alcalde&#8221; closed_toggle_background_color=&#8221;RGBA(255,255,255,0)&#8221; _builder_version=&#8221;4.27.4&#8243; _module_preset=&#8221;default&#8221; body_font=&#8221;Arial||||||||&#8221; body_font_size=&#8221;18px&#8221; border_width_top=&#8221;0px&#8221; border_color_top=&#8221;#ea6118&#8243; border_width_bottom=&#8221;0px&#8221; border_color_bottom=&#8221;#ea6118&#8243; box_shadow_style=&#8221;preset2&#8243; box_shadow_horizontal=&#8221;0px&#8221; box_shadow_vertical=&#8221;2px&#8221; box_shadow_blur=&#8221;6px&#8221; box_shadow_color=&#8221;rgba(234,97,24,0.66)&#8221; global_colors_info=&#8221;{}&#8221; toggle_font=&#8221;Garet Heavy||||||||&#8221; toggle_font_size=&#8221;18px&#8221; closed_toggle_font=&#8221;Garet Heavy||||||||&#8221; closed_toggle_font_size=&#8221;18px&#8221; open=&#8221;off&#8221;]<\/p>\n<p>Primer Teniente de Alcalde: D. Antonio Manuel Santana Yanes.<\/p>\n<p>Segundo Teniente de Alcalde: Sr. D. Manuel Gonz\u00e1lez G\u00f3mez.<\/p>\n<p>Tercer Teniente de Alcalde: D. Antonia Acosta P\u00e9rez.<\/p>\n<p>[\/et_pb_accordion_item][et_pb_accordion_item title=&#8221;Delegaciones de la Alcald\u00eda&#8221; open=&#8221;off&#8221; closed_toggle_background_color=&#8221;RGBA(255,255,255,0)&#8221; _builder_version=&#8221;4.27.4&#8243; _module_preset=&#8221;default&#8221; body_font=&#8221;Arial||||||||&#8221; body_font_size=&#8221;18px&#8221; border_width_all=&#8221;0px&#8221; border_color_top=&#8221;#ea6118&#8243; border_color_bottom=&#8221;#ea6118&#8243; box_shadow_style=&#8221;preset2&#8243; box_shadow_horizontal=&#8221;0px&#8221; box_shadow_vertical=&#8221;2px&#8221; box_shadow_blur=&#8221;6px&#8221; box_shadow_color=&#8221;rgba(234,97,24,0.66)&#8221; global_colors_info=&#8221;{}&#8221; toggle_font=&#8221;Garet Heavy||||||||&#8221; toggle_font_size=&#8221;18px&#8221; closed_toggle_font=&#8221;Garet Heavy||||||||&#8221; closed_toggle_font_size=&#8221;18px&#8221;]<\/p>\n<p style=\"text-align: justify;\"><strong>Primero.<\/strong> &#8211; El Primer Teniente de Alcalde <strong>D.\u00a0 Antonio Manuel Santana Yanes<\/strong> ostentar\u00e1 la delegaci\u00f3n de la Presidencia en el \u00c1rea de Planificaci\u00f3n Urban\u00edstica, Obras, Servicios Municipales, Mantenimiento Integral del Pueblo, Salud P\u00fablica y Deportes, cuyas facultades comprender\u00e1 la direcci\u00f3n interna y gesti\u00f3n de los servicios incluidos en esa \u00e1rea, no incluyendo la facultad de resolver mediante actos administrativos que afecten a terceros.<\/p>\n<p style=\"text-align: justify;\">El Delegado del \u00c1rea tendr\u00e1 competencias en las siguientes materias:<\/p>\n<p style=\"text-align: justify;\"><strong>URBANISMO.<\/strong> \u2013 Gesti\u00f3n Urban\u00edstica. \u2013 Estudio y seguimiento del Planeamiento Municipal, Planes Parciales y Especiales. \u2013 Programas de actuaci\u00f3n Urban\u00edstica. \u2013 Proyectos de Urbanizaci\u00f3n. \u2013 Delimitaci\u00f3n y calificaci\u00f3n del Suelo. \u2013 Estudio de Detalle. \u2013 Disciplina Urban\u00edstica. \u2013 Alineaciones y Rasantes. \u2013 Redacci\u00f3n de Proyectos T\u00e9cnicos. \u2013 Convenios Urban\u00edsticos. \u2013 Supervisar la Apertura de Establecimientos. \u2013 Dirigir y supervisar la Oficina T\u00e9cnica. \u2013 Planificar, coordinar y ejecutar las actuaciones y obras de conservaci\u00f3n y renovaci\u00f3n. \u2013 Patrimonio Municipal del Suelo.<\/p>\n<p style=\"text-align: justify;\"><strong>OBRAS P\u00daBLICAS.<\/strong>\u00a0\u2013 Proyectos y contrataci\u00f3n de las Obras P\u00fablicas. \u2013 Construcci\u00f3n y Mantenimiento de Edificios Municipales y P\u00fablicos. \u2013 Planificaci\u00f3n, seguimiento y control de las Obras Municipales. \u2013 Obras incluidas en el Plan Insular de Cooperaci\u00f3n. \u2013 Obras incluidas en el Convenio de Infraestructuras Municipal. \u2013 Mantenimiento de Calles y Caminos de la Red Viaria Municipal.<\/p>\n<p style=\"text-align: justify;\"><strong>SERVICIOS MUNICIPALES.<\/strong>\u00a0\u2013 Alumbrado Municipal. \u2013 Planes de Electrificaci\u00f3n. \u2013 Proyectos El\u00e9ctricos. \u2013 Controlar los consumos de agua municipal. \u2013 Cementerio Municipal. \u2013 Limpieza de la V\u00eda P\u00fablica. \u2013 Conservaci\u00f3n y Mantenimiento de Parques, Jardines y Mobiliario Urbano. \u2013 Conservaci\u00f3n y Limpieza de Solares y Vertederos Incontrolados, Arbustos y Matorrales en la V\u00eda P\u00fablica. \u2013 Plan Hidrol\u00f3gico y Consejo Insular de Aguas. \u2013 Servicios mancomunados. \u2013 Gesti\u00f3n del parque m\u00f3vil municipal y la formalizaci\u00f3n de cuanta documentaci\u00f3n sea necesaria para la matriculaci\u00f3n, transferencias y cualquier otra relacionada con los veh\u00edculos de propiedad municipal. \u2013 Dirigir la gesti\u00f3n de los almacenes municipales.<\/p>\n<p style=\"text-align: justify;\"><strong>MANTENIMIENTO INTEGRAL DEL PUEBLO.<\/strong> \u2013 Supervisar el Servicio de Saneamiento. \u2013 Supervisar el Servicio de Aguas. \u2013 Relaciones de car\u00e1cter Jur\u00eddico y de funcionamiento que tenga el Ayuntamiento con la Empresa de Aguas Canaragua. \u2013 Conservaci\u00f3n y Mantenimiento de Fuentes y sus Instalaciones. \u2013 Conservaci\u00f3n y Mantenimiento de Pavimentos. \u2013 Conservaci\u00f3n de Alumbrado P\u00fablico, Alumbrado Ornamental e Iluminaci\u00f3n Extraordinarias. \u2013 Conservaci\u00f3n, Mantenimiento y Limpieza de Edificios Municipales.<\/p>\n<p style=\"text-align: justify;\"><strong>SALUD P\u00daBLICA.<\/strong>\u00a0\u2013 Protecci\u00f3n de la Salud P\u00fablica. \u2013 Promoci\u00f3n de la Salud P\u00fablica. \u2013 Campa\u00f1as de desinfecci\u00f3n y desratizaci\u00f3n. \u2013 Fiscalizaci\u00f3n de la Venta Ambulante.<\/p>\n<p style=\"text-align: justify;\"><strong>DEPORTES.<\/strong>\u00a0\u2013 Planes de Promoci\u00f3n Deportiva y Juegos Escolares. \u2013 Instalaciones Deportivas. \u2013 Competiciones de verano y eventos especiales. \u2013 Ayudas al Deporte. \u2013 Relaciones con las asociaciones y clubes deportivos. \u2013 Planes Municipales de gimnasia de mantenimiento. \u2013 Escuelas Deportivas Municipales. \u2013 Gesti\u00f3n de las Instalaciones Deportivas. \u2013 Promoci\u00f3n del Deporte Municipal. \u2013 Apoyo a las nuevas iniciativas Deportivas.<\/p>\n<p style=\"text-align: justify;\"><strong>Segundo.-<\/strong>\u00a0El Segundo Teniente de Alcalde <strong>Don Manuel Gonz\u00e1lez G\u00f3mez<\/strong> ostentar\u00e1 la delegaci\u00f3n de la Presidencia en el \u00c1rea de Administraciones P\u00fablicas, Patrimonio, Participaci\u00f3n Ciudadana, Desarrollo Local y Empleo, Erupci\u00f3n Volc\u00e1nica y Reconstrucci\u00f3n, Agricultura y pesca, Seguridad Ciudadana, Nuevas Tecnolog\u00edas y Tr\u00e1fico, cuyas facultades comprender\u00e1 la direcci\u00f3n interna y gesti\u00f3n de los servicios incluidos en esa \u00e1rea, no incluyendo la facultad de resolver mediante actos administrativos que afecten a terceros.<\/p>\n<p style=\"text-align: justify;\">El Delegado del \u00c1rea tendr\u00e1 competencias en las siguientes materias:<\/p>\n<p style=\"text-align: justify;\"><strong>SEGURIDAD CIUDADANA.<\/strong>\u00a0\u2013 Protecci\u00f3n Civil. \u2013 Gestionar planes de seguridad y seguros de responsabilidad civil. \u2013 Seguridad ciudadana. \u2013 Emergencias.<\/p>\n<p style=\"text-align: justify;\"><strong>NUEVAS TECNOLOG\u00cdAS.<\/strong>\u00a0\u2013 Gestionar la actividad destinada a evaluar y mejorar la situaci\u00f3n energ\u00e9tica y medioambiental de Tazacorte. \u2013 Gestionar, ayudas a los usuarios de nuevas tecnolog\u00edas. Energ\u00eda alternativa, placas solares y otros. \u2013 Gestionar las compras de material inform\u00e1tico municipal. \u2013 Impulso de la informaci\u00f3n y de la administraci\u00f3n electr\u00f3nica.<\/p>\n<p style=\"text-align: justify;\"><strong>TR\u00c1FICO.<\/strong>\u00a0\u2013 Tr\u00e1fico y Transporte. \u2013 Taxis. Ordenanzas. \u2013 Veh\u00edculos Municipales. \u2013 Veh\u00edculos Abandonados. \u2013 Aparcamientos. \u2013 Ordenaci\u00f3n del Tr\u00e1fico, la Circulaci\u00f3n y los Transportes.<\/p>\n<p style=\"text-align: justify;\"><strong>Tercero.-<\/strong>\u00a0El Tercer Teniente de Alcalde <strong>Do\u00f1a Antonia Acosta P\u00e9rez<\/strong> ostentar\u00e1 la delegaci\u00f3n de la Presidencia en el \u00c1rea de Econom\u00eda, Hacienda, Presupuestos y R\u00e9gimen Interior, cuyas facultades comprender\u00e1 la direcci\u00f3n interna y gesti\u00f3n de los servicios incluidos en esa \u00e1rea, no incluyendo la facultad de resolver mediante actos administrativos que afecten a terceros.<\/p>\n<p style=\"text-align: justify;\">La Delegada del \u00c1rea tendr\u00e1 competencias en las siguientes materias:<\/p>\n<p style=\"text-align: justify;\"><strong>ESPECIAL DE CUENTAS.\u00a0<\/strong>&#8212; Control y fiscalizaci\u00f3n de las Cuentas Municipales.<\/p>\n<p style=\"text-align: justify;\"><strong>ECONOM\u00cdA Y HACIENDA.<\/strong>\u00a0\u2013 Marcha y Desarrollo de las cuestiones Econ\u00f3mica-Financiera del Ayuntamiento. \u2013 Ordenanzas Fiscales. \u2013 Inspecci\u00f3n de Rentas y Exacciones. \u2013 Recaudaci\u00f3n. \u2013 Rendici\u00f3n de Cuentas. \u2013 Pliego de condiciones Econ\u00f3mico-Administrativas. \u2013 Bienes Municipales. \u2013 Inventario Municipal. \u2013 Padrones Municipales.<\/p>\n<p style=\"text-align: justify;\"><strong>PRESUPUESTOS.<\/strong> \u2013 Estudio y Fiscalizaci\u00f3n de toda clase de Presupuestos. \u2013 Operaciones de cr\u00e9dito y de Tesorer\u00eda. \u2013 Propuesta de Gastos. \u2013 Firma de las \u00f3rdenes de pago.<\/p>\n<p style=\"text-align: justify;\"><strong>REGIMEN INTERIOR.<\/strong>\u00a0\u2013 Convenios y Relaciones de Puestos de Trabajo. \u2013 Desarrollo del Reglamento Org\u00e1nico Municipal. \u2013 Protocolo<\/p>\n<p style=\"text-align: justify;\"><strong>Cuarto.-<\/strong> Nombrar a\u00a0Do\u00f1a <strong>Coromoto Elisabeth S\u00e1nchez Lorenzo<\/strong>, Concejala con las Delegaciones Espec\u00edficas de Asuntos Sociales, Bienestar Social y Mujer, que ejercer\u00e1 bajo la supervisi\u00f3n del Alcalde, no incluyendo la facultad de resolver mediante actos administrativos que afecten a terceros.<\/p>\n<p style=\"text-align: justify;\">La Concejala Delegada tendr\u00e1 las siguientes competencias:<\/p>\n<p style=\"text-align: justify;\"><strong>BIENESTAR SOCIAL.<\/strong> \u2013 Planes Sociales Concertados. \u2013 Gestionar la Residencia de la Tercera Edad. \u2013 Apoyo a la Asociaci\u00f3n de la Tercera Edad. \u2013 Asistencia Social: emergencia social, menores y mujer. \u2013 Servicio de ayuda domiciliaria. \u2013 Programas de prevenci\u00f3n de las marginaciones. \u2013 Programas de Inserci\u00f3n Social. \u2013 Programas de ayudas a la poblaci\u00f3n desfavorecida. \u2013 Prevenci\u00f3n e Integraci\u00f3n de las Personas con Discapacidad. \u2013 Barreras Arquitect\u00f3nicas. \u2013 Facilitar su integraci\u00f3n en la vida social y cultural del Pueblo. \u2013 Atenci\u00f3n a la Infancia y la Juventud.<\/p>\n<p style=\"text-align: justify;\"><strong>MUJER.<\/strong> \u2013 Atenci\u00f3n a la Problem\u00e1tica General de la Mujer. \u2013 Promover y garantizar la participaci\u00f3n de forma igualitaria de las mujeres, tanto en la toma de decisiones como en la vida social, econ\u00f3mica y cultural de Tazacorte. \u2013 Elaboraci\u00f3n de Planes Municipales de Igualdad.<\/p>\n<p style=\"text-align: justify;\"><strong>Quinto.-<\/strong>\u00a0Nombrar a\u00a0<strong>Don Miguel Yordan Mart\u00edn Acosta<\/strong>, Concejal con las Delegaciones Espec\u00edficas de Educaci\u00f3n, Cultura, Fiestas y Juventud, que ejercer\u00e1 bajo la supervisi\u00f3n del Alcalde, no incluyendo la facultad de resolver mediante actos administrativos que afecten a terceros.<\/p>\n<p style=\"text-align: justify;\">El Concejal Delegado tendr\u00e1 las siguientes competencias:<\/p>\n<p style=\"text-align: justify;\"><strong>\u00a0EDUCACI\u00d3N.<\/strong> \u2013 Absentismo escolar. \u2013 Actividad Municipal Educativa. \u2013 Centros de Ense\u00f1anza. Conservaci\u00f3n, Mantenimiento y Limpieza. \u2013 Relaci\u00f3n con Asociaciones de Padres y Alumnos. \u2013 Control de escolarizaci\u00f3n. \u2013 Becas y ayudas a los Estudiantes. \u2013 Apoyo a la Educaci\u00f3n. \u2013 Consejo Escolar Municipal. \u2013 Control de la Calidad Educativa. \u2013 Gesti\u00f3n de la Escuela Infantil Municipal. \u2013 Gesti\u00f3n de la Biblioteca y Telecentros. \u2013 Cooperaci\u00f3n y Ayudas al Desarrollo. \u2013 Campa\u00f1as Humanitarias.<\/p>\n<p style=\"text-align: justify;\"><strong>CULTURA.<\/strong> \u2013 Gestionar la Casa de la Cultura y Edificios Culturales. \u2013 Programas Culturales. \u2013 Promoci\u00f3n de la Cultura Aut\u00f3ctona. \u2013 Fomento de la Artesan\u00eda. \u2013 Exposiciones y Ferias. \u2013 Fomento y potenciaci\u00f3n del Arte Teatro, Pintura, etc. \u2013 Relaciones con Asociaciones y grupos Culturales. \u2013 Promoci\u00f3n de la Historia Municipal\/Local. \u2013 Conservaci\u00f3n del Archivo Municipal. \u2013 Publicaciones. \u2013 Banda de M\u00fasica y Escuela de M\u00fasica. \u2013 Promoci\u00f3n y Potenciaci\u00f3n de la Banda de M\u00fasica.<\/p>\n<p style=\"text-align: justify;\"><strong>FIESTAS.<\/strong> \u2013 Programaci\u00f3n y Organizaci\u00f3n de las Fiestas Patronales. \u2013 Promoci\u00f3n y Organizaci\u00f3n con las Fiestas de los Barrios. \u2013 Organizaci\u00f3n y Promoci\u00f3n de los Festejos Tradicionales. \u2013 Promoci\u00f3n de Actividades de Ocio y tiempo libre.<\/p>\n<p style=\"text-align: justify;\"><strong>\u00a0JUVENTUD.<\/strong> \u2013 Creaci\u00f3n de Asociaciones Juveniles. \u2013 Atenci\u00f3n a la Infancia y la Juventud. \u2013 Planes Transversales de Juventud. \u2013 Responder a las necesidades y demandas de la Juventud. \u2013 Facilitar su integraci\u00f3n en la vida social y cultural del Pueblo. \u2013 Potenciar las iniciativas y actividades culturales y art\u00edsticas que se desarrollen en el Ayuntamiento destinadas a la Juventud y fomentar ocupaciones para el tiempo libre, como deportes, turismo, exposiciones, jornadas, etc. \u2013 Informaci\u00f3n Juvenil. \u2013 Programas de Actividades Juveniles. \u2013 Promocionar y fomentar las actividades juveniles, celebrando para ello convenios de colaboraci\u00f3n con entidades p\u00fablicas o privadas.<\/p>\n<p>[\/et_pb_accordion_item][\/et_pb_accordion][\/et_pb_column][\/et_pb_row][\/et_pb_section]<\/p>\n","protected":false},"excerpt":{"rendered":"<p>David Ruiz \u00c1lvarezPrimer Teniente de Alcalde: D. Antonio Manuel Santana Yanes. Segundo Teniente de Alcalde: Sr. D. Manuel Gonz\u00e1lez G\u00f3mez. Tercer Teniente de Alcalde: D. Antonia Acosta P\u00e9rez.Primero. &#8211; El Primer Teniente de Alcalde D.\u00a0 Antonio Manuel Santana Yanes ostentar\u00e1 la delegaci\u00f3n de la Presidencia en el \u00c1rea de Planificaci\u00f3n Urban\u00edstica, Obras, Servicios Municipales, Mantenimiento [&hellip;]<\/p>\n","protected":false},"author":1,"featured_media":0,"parent":0,"menu_order":0,"comment_status":"closed","ping_status":"closed","template":"","meta":{"_et_pb_use_builder":"on","_et_pb_old_content":"","_et_gb_content_width":"","footnotes":""},"class_list":["post-75","page","type-page","status-publish","hentry"],"yoast_head":"<!-- This site is optimized with the Yoast SEO plugin v27.1.1 - https:\/\/yoast.com\/product\/yoast-seo-wordpress\/ -->\n<title>\u00d3rganos de Gobierno - AYUNTAMIENTO DE TAZACORTE<\/title>\n<meta name=\"robots\" content=\"index, follow, max-snippet:-1, max-image-preview:large, max-video-preview:-1\" \/>\n<link rel=\"canonical\" href=\"https:\/\/tazacorte.es\/web\/organos-de-gobierno\" \/>\n<meta property=\"og:locale\" content=\"es_ES\" \/>\n<meta property=\"og:type\" content=\"article\" \/>\n<meta property=\"og:title\" content=\"\u00d3rganos de Gobierno - AYUNTAMIENTO DE TAZACORTE\" \/>\n<meta property=\"og:description\" content=\"David Ruiz \u00c1lvarezPrimer Teniente de Alcalde: D. Antonio Manuel Santana Yanes. Segundo Teniente de Alcalde: Sr. D. Manuel Gonz\u00e1lez G\u00f3mez. Tercer Teniente de Alcalde: D. Antonia Acosta P\u00e9rez.Primero. - El Primer Teniente de Alcalde D.\u00a0 Antonio Manuel Santana Yanes ostentar\u00e1 la delegaci\u00f3n de la Presidencia en el \u00c1rea de Planificaci\u00f3n Urban\u00edstica, Obras, Servicios Municipales, Mantenimiento [&hellip;]\" \/>\n<meta property=\"og:url\" content=\"https:\/\/tazacorte.es\/web\/organos-de-gobierno\" \/>\n<meta property=\"og:site_name\" content=\"AYUNTAMIENTO DE TAZACORTE\" \/>\n<meta property=\"article:modified_time\" content=\"2026-02-20T14:14:42+00:00\" \/>\n<meta name=\"twitter:card\" content=\"summary_large_image\" \/>\n<meta name=\"twitter:label1\" content=\"Est. reading time\" \/>\n\t<meta name=\"twitter:data1\" content=\"9 minutos\" \/>\n<script type=\"application\/ld+json\" class=\"yoast-schema-graph\">{\"@context\":\"https:\/\/schema.org\",\"@graph\":[{\"@type\":\"WebPage\",\"@id\":\"https:\/\/tazacorte.es\/web\/organos-de-gobierno\",\"url\":\"https:\/\/tazacorte.es\/web\/organos-de-gobierno\",\"name\":\"\u00d3rganos de Gobierno - AYUNTAMIENTO DE TAZACORTE\",\"isPartOf\":{\"@id\":\"https:\/\/tazacorte.es\/web\/#website\"},\"datePublished\":\"2025-11-05T14:17:30+00:00\",\"dateModified\":\"2026-02-20T14:14:42+00:00\",\"breadcrumb\":{\"@id\":\"https:\/\/tazacorte.es\/web\/organos-de-gobierno#breadcrumb\"},\"inLanguage\":\"es\",\"potentialAction\":[{\"@type\":\"ReadAction\",\"target\":[\"https:\/\/tazacorte.es\/web\/organos-de-gobierno\"]}]},{\"@type\":\"BreadcrumbList\",\"@id\":\"https:\/\/tazacorte.es\/web\/organos-de-gobierno#breadcrumb\",\"itemListElement\":[{\"@type\":\"ListItem\",\"position\":1,\"name\":\"Home\",\"item\":\"https:\/\/tazacorte.es\/web\/\"},{\"@type\":\"ListItem\",\"position\":2,\"name\":\"\u00d3rganos de Gobierno\"}]},{\"@type\":\"WebSite\",\"@id\":\"https:\/\/tazacorte.es\/web\/#website\",\"url\":\"https:\/\/tazacorte.es\/web\/\",\"name\":\"AYUNTAMIENTO DE TAZACORTE\",\"description\":\"\",\"potentialAction\":[{\"@type\":\"SearchAction\",\"target\":{\"@type\":\"EntryPoint\",\"urlTemplate\":\"https:\/\/tazacorte.es\/web\/?s={search_term_string}\"},\"query-input\":{\"@type\":\"PropertyValueSpecification\",\"valueRequired\":true,\"valueName\":\"search_term_string\"}}],\"inLanguage\":\"es\"}]}<\/script>\n<!-- \/ Yoast SEO plugin. -->","yoast_head_json":{"title":"\u00d3rganos de Gobierno - AYUNTAMIENTO DE TAZACORTE","robots":{"index":"index","follow":"follow","max-snippet":"max-snippet:-1","max-image-preview":"max-image-preview:large","max-video-preview":"max-video-preview:-1"},"canonical":"https:\/\/tazacorte.es\/web\/organos-de-gobierno","og_locale":"es_ES","og_type":"article","og_title":"\u00d3rganos de Gobierno - AYUNTAMIENTO DE TAZACORTE","og_description":"David Ruiz \u00c1lvarezPrimer Teniente de Alcalde: D. Antonio Manuel Santana Yanes. Segundo Teniente de Alcalde: Sr. D. Manuel Gonz\u00e1lez G\u00f3mez. Tercer Teniente de Alcalde: D. Antonia Acosta P\u00e9rez.Primero. - El Primer Teniente de Alcalde D.\u00a0 Antonio Manuel Santana Yanes ostentar\u00e1 la delegaci\u00f3n de la Presidencia en el \u00c1rea de Planificaci\u00f3n Urban\u00edstica, Obras, Servicios Municipales, Mantenimiento [&hellip;]","og_url":"https:\/\/tazacorte.es\/web\/organos-de-gobierno","og_site_name":"AYUNTAMIENTO DE TAZACORTE","article_modified_time":"2026-02-20T14:14:42+00:00","twitter_card":"summary_large_image","twitter_misc":{"Est. reading time":"9 minutos"},"schema":{"@context":"https:\/\/schema.org","@graph":[{"@type":"WebPage","@id":"https:\/\/tazacorte.es\/web\/organos-de-gobierno","url":"https:\/\/tazacorte.es\/web\/organos-de-gobierno","name":"\u00d3rganos de Gobierno - AYUNTAMIENTO DE TAZACORTE","isPartOf":{"@id":"https:\/\/tazacorte.es\/web\/#website"},"datePublished":"2025-11-05T14:17:30+00:00","dateModified":"2026-02-20T14:14:42+00:00","breadcrumb":{"@id":"https:\/\/tazacorte.es\/web\/organos-de-gobierno#breadcrumb"},"inLanguage":"es","potentialAction":[{"@type":"ReadAction","target":["https:\/\/tazacorte.es\/web\/organos-de-gobierno"]}]},{"@type":"BreadcrumbList","@id":"https:\/\/tazacorte.es\/web\/organos-de-gobierno#breadcrumb","itemListElement":[{"@type":"ListItem","position":1,"name":"Home","item":"https:\/\/tazacorte.es\/web\/"},{"@type":"ListItem","position":2,"name":"\u00d3rganos de Gobierno"}]},{"@type":"WebSite","@id":"https:\/\/tazacorte.es\/web\/#website","url":"https:\/\/tazacorte.es\/web\/","name":"AYUNTAMIENTO DE TAZACORTE","description":"","potentialAction":[{"@type":"SearchAction","target":{"@type":"EntryPoint","urlTemplate":"https:\/\/tazacorte.es\/web\/?s={search_term_string}"},"query-input":{"@type":"PropertyValueSpecification","valueRequired":true,"valueName":"search_term_string"}}],"inLanguage":"es"}]}},"_links":{"self":[{"href":"https:\/\/tazacorte.es\/web\/wp-json\/wp\/v2\/pages\/75","targetHints":{"allow":["GET"]}}],"collection":[{"href":"https:\/\/tazacorte.es\/web\/wp-json\/wp\/v2\/pages"}],"about":[{"href":"https:\/\/tazacorte.es\/web\/wp-json\/wp\/v2\/types\/page"}],"author":[{"embeddable":true,"href":"https:\/\/tazacorte.es\/web\/wp-json\/wp\/v2\/users\/1"}],"replies":[{"embeddable":true,"href":"https:\/\/tazacorte.es\/web\/wp-json\/wp\/v2\/comments?post=75"}],"version-history":[{"count":19,"href":"https:\/\/tazacorte.es\/web\/wp-json\/wp\/v2\/pages\/75\/revisions"}],"predecessor-version":[{"id":786,"href":"https:\/\/tazacorte.es\/web\/wp-json\/wp\/v2\/pages\/75\/revisions\/786"}],"wp:attachment":[{"href":"https:\/\/tazacorte.es\/web\/wp-json\/wp\/v2\/media?parent=75"}],"curies":[{"name":"wp","href":"https:\/\/api.w.org\/{rel}","templated":true}]}}